{"id":1134,"date":"2021-04-29T13:08:44","date_gmt":"2021-04-29T11:08:44","guid":{"rendered":"https:\/\/ifan.ifa-dev.com\/?page_id=1134"},"modified":"2026-04-21T12:37:42","modified_gmt":"2026-04-21T10:37:42","slug":"mathieu-gueye","status":"publish","type":"page","link":"https:\/\/ifan.ucad.sn\/en\/mathieu-gueye\/","title":{"rendered":"Professeur Mathieu GUEYE"},"content":{"rendered":"\t\t<div data-elementor-type=\"wp-page\" data-elementor-id=\"1134\" class=\"elementor elementor-1134\">\n\t\t\t\t\t\t\t\t\t<section class=\"elementor-section elementor-top-section elementor-element elementor-element-900cc3f elementor-section-boxed elementor-section-height-default elementor-section-height-default\" data-id=\"900cc3f\" data-element_type=\"section\">\n\t\t\t\t\t\t<div class=\"elementor-container elementor-column-gap-default\">\n\t\t\t\t\t<div class=\"elementor-column elementor-col-100 elementor-top-column elementor-element elementor-element-ecc4df9\" data-id=\"ecc4df9\" data-element_type=\"column\">\n\t\t\t<div class=\"elementor-widget-wrap elementor-element-populated\">\n\t\t\t\t\t\t\t\t<div class=\"elementor-element elementor-element-b7b79d9 elementor-widget elementor-widget-heading\" data-id=\"b7b79d9\" data-element_type=\"widget\" data-widget_type=\"heading.default\">\n\t\t\t\t<div class=\"elementor-widget-container\">\n\t\t\t<h2 class=\"elementor-heading-title elementor-size-default\">Professeur Mathieu GUEYE<\/h2>\t\t<\/div>\n\t\t\t\t<\/div>\n\t\t\t\t\t<\/div>\n\t\t<\/div>\n\t\t\t\t\t\t\t<\/div>\n\t\t<\/section>\n\t\t\t\t<section class=\"elementor-section elementor-top-section elementor-element elementor-element-8d7f460 elementor-section-boxed elementor-section-height-default elementor-section-height-default\" data-id=\"8d7f460\" data-element_type=\"section\">\n\t\t\t\t\t\t<div class=\"elementor-container elementor-column-gap-default\">\n\t\t\t\t\t<div class=\"elementor-column elementor-col-33 elementor-top-column elementor-element elementor-element-3ceb00e\" data-id=\"3ceb00e\" data-element_type=\"column\">\n\t\t\t<div class=\"elementor-widget-wrap elementor-element-populated\">\n\t\t\t\t\t\t\t\t<div class=\"elementor-element elementor-element-b33b020 elementor-invisible elementor-widget elementor-widget-image\" data-id=\"b33b020\" data-element_type=\"widget\" data-settings=\"{&quot;_animation&quot;:&quot;fadeIn&quot;}\" data-widget_type=\"image.default\">\n\t\t\t\t<div class=\"elementor-widget-container\">\n\t\t\t\t\t\t\t\t\t\t\t\t\t\t\t<img loading=\"lazy\" decoding=\"async\" width=\"150\" height=\"150\" src=\"https:\/\/ifan.ucad.sn\/wp-content\/uploads\/2021\/01\/cropped-cropped-logo-3-150x150.png\" class=\"attachment-thumbnail size-thumbnail wp-image-1221\" alt=\"\" srcset=\"https:\/\/ifan.ucad.sn\/wp-content\/uploads\/2021\/01\/cropped-cropped-logo-3-150x150.png 150w, https:\/\/ifan.ucad.sn\/wp-content\/uploads\/2021\/01\/cropped-cropped-logo-3-300x300.png 300w, https:\/\/ifan.ucad.sn\/wp-content\/uploads\/2021\/01\/cropped-cropped-logo-3-600x602.png 600w, https:\/\/ifan.ucad.sn\/wp-content\/uploads\/2021\/01\/cropped-cropped-logo-3-100x100.png 100w, https:\/\/ifan.ucad.sn\/wp-content\/uploads\/2021\/01\/cropped-cropped-logo-3.png 737w\" sizes=\"auto, (max-width: 150px) 100vw, 150px\" \/>\t\t\t\t\t\t\t\t\t\t\t\t\t\t\t<\/div>\n\t\t\t\t<\/div>\n\t\t\t\t\t<\/div>\n\t\t<\/div>\n\t\t\t\t<div class=\"elementor-column elementor-col-33 elementor-top-column elementor-element elementor-element-909d4e3\" data-id=\"909d4e3\" data-element_type=\"column\">\n\t\t\t<div class=\"elementor-widget-wrap\">\n\t\t\t\t\t\t\t\t\t<\/div>\n\t\t<\/div>\n\t\t\t\t<div class=\"elementor-column elementor-col-33 elementor-top-column elementor-element elementor-element-20cd900\" data-id=\"20cd900\" data-element_type=\"column\">\n\t\t\t<div class=\"elementor-widget-wrap elementor-element-populated\">\n\t\t\t\t\t\t\t\t<div class=\"elementor-element elementor-element-d3e774c elementor-drop-cap-yes elementor-drop-cap-view-default elementor-widget elementor-widget-text-editor\" data-id=\"d3e774c\" data-element_type=\"widget\" data-settings=\"{&quot;drop_cap&quot;:&quot;yes&quot;}\" data-widget_type=\"text-editor.default\">\n\t\t\t\t<div class=\"elementor-widget-container\">\n\t\t\t\t\t\t\t<p><span style=\"color: #000000;\"><strong>DIRECTEUR DE RECHERCHE TITULAIRE <\/strong><\/span><\/p><p><span style=\"color: #000000;\"><strong>DE CLASSE EXCEPTIONNELLE<\/strong><\/span><\/p><p><strong><span style=\"color: #000000;\">Doctorat d\u2019Etat \u00e8s Sciences<\/span> <\/strong><\/p>\t\t\t\t\t\t<\/div>\n\t\t\t\t<\/div>\n\t\t\t\t\t<\/div>\n\t\t<\/div>\n\t\t\t\t\t\t\t<\/div>\n\t\t<\/section>\n\t\t\t\t<section class=\"elementor-section elementor-top-section elementor-element elementor-element-1546af8 elementor-section-boxed elementor-section-height-default elementor-section-height-default\" data-id=\"1546af8\" data-element_type=\"section\">\n\t\t\t\t\t\t<div class=\"elementor-container elementor-column-gap-default\">\n\t\t\t\t\t<div class=\"elementor-column elementor-col-100 elementor-top-column elementor-element elementor-element-c54a610\" data-id=\"c54a610\" data-element_type=\"column\">\n\t\t\t<div class=\"elementor-widget-wrap elementor-element-populated\">\n\t\t\t\t\t\t\t\t<div class=\"elementor-element elementor-element-ce39123 elementor-invisible elementor-widget elementor-widget-accordion\" data-id=\"ce39123\" data-element_type=\"widget\" data-settings=\"{&quot;_animation&quot;:&quot;fadeIn&quot;}\" data-widget_type=\"accordion.default\">\n\t\t\t\t<div class=\"elementor-widget-container\">\n\t\t\t\t\t<div class=\"elementor-accordion\">\n\t\t\t\t\t\t\t<div class=\"elementor-accordion-item\">\n\t\t\t\t\t<div id=\"elementor-tab-title-2161\" class=\"elementor-tab-title\" data-tab=\"1\" role=\"button\" aria-controls=\"elementor-tab-content-2161\" aria-expanded=\"false\">\n\t\t\t\t\t\t\t\t\t\t\t\t\t<span class=\"elementor-accordion-icon elementor-accordion-icon-left\" aria-hidden=\"true\">\n\t\t\t\t\t\t\t\t\t\t\t\t\t\t\t<span class=\"elementor-accordion-icon-closed\"><i class=\"fas fa-plus\"><\/i><\/span>\n\t\t\t\t\t\t\t\t<span class=\"elementor-accordion-icon-opened\"><i class=\"fas fa-minus\"><\/i><\/span>\n\t\t\t\t\t\t\t\t\t\t\t\t\t\t<\/span>\n\t\t\t\t\t\t\t\t\t\t\t\t<a class=\"elementor-accordion-title\" tabindex=\"0\">Activit\u00e9s de recherche<\/a>\n\t\t\t\t\t<\/div>\n\t\t\t\t\t<div id=\"elementor-tab-content-2161\" class=\"elementor-tab-content elementor-clearfix\" data-tab=\"1\" role=\"region\" aria-labelledby=\"elementor-tab-title-2161\"><ul><li><span style=\"color: #000000;\">Botanique et Ethnobotanique (Flore et v\u00e9g\u00e9tation, Plantes m\u00e9dicinales, cosm\u00e9tiques et Aliments forestiers)<\/span><\/li><li><span style=\"color: #000000;\">Services \u00e9cosyst\u00e9miques et pollution<\/span><\/li><li><span style=\"color: #000000;\">Informatisation des Herbiers et valorisation des collections historiques dans le cadre du R\u00e9seau Informatique des Herbiers Africains (RIHA).<\/span><\/li><li><span style=\"color: #000000;\">Syst\u00e9matique et taxonomie botanique<\/span><\/li><li><span style=\"color: #000000;\">\u00c9tude des obstacles \u00e0 la germination des ligneux p\u00e9rennes en milieu sah\u00e9lien.<\/span><\/li><li><span style=\"color: #000000;\">Biologie des champignons n\u00e9matophages: Lutte biologique contre les n\u00e9matodes du genre <em>Meloidogyne<\/em>.<\/span><\/li><\/ul><\/div>\n\t\t\t\t<\/div>\n\t\t\t\t\t\t\t<div class=\"elementor-accordion-item\">\n\t\t\t\t\t<div id=\"elementor-tab-title-2162\" class=\"elementor-tab-title\" data-tab=\"2\" role=\"button\" aria-controls=\"elementor-tab-content-2162\" aria-expanded=\"false\">\n\t\t\t\t\t\t\t\t\t\t\t\t\t<span class=\"elementor-accordion-icon elementor-accordion-icon-left\" aria-hidden=\"true\">\n\t\t\t\t\t\t\t\t\t\t\t\t\t\t\t<span class=\"elementor-accordion-icon-closed\"><i class=\"fas fa-plus\"><\/i><\/span>\n\t\t\t\t\t\t\t\t<span class=\"elementor-accordion-icon-opened\"><i class=\"fas fa-minus\"><\/i><\/span>\n\t\t\t\t\t\t\t\t\t\t\t\t\t\t<\/span>\n\t\t\t\t\t\t\t\t\t\t\t\t<a class=\"elementor-accordion-title\" tabindex=\"0\">Activit\u00e9s institutionnelles<\/a>\n\t\t\t\t\t<\/div>\n\t\t\t\t\t<div id=\"elementor-tab-content-2162\" class=\"elementor-tab-content elementor-clearfix\" data-tab=\"2\" role=\"region\" aria-labelledby=\"elementor-tab-title-2162\"><h4 style=\"text-align: center;\"><span style=\"color: #000000;\"><strong>UNIVERSIT\u00c9 CHEIKH ANTA DIOP (UCAD) DE DAKAR Institut Fondamental d\u2019Afrique Noire (IFAN) Cheikh Anta Diop, D\u00e9partement de Botanique et G\u00e9ologie<\/strong><\/span><\/h4><ul><li><span style=\"color: #000000;\"><strong> 2018<\/strong> : <em>Inscrit sur la Liste d\u2019Aptitude aux Fonctions de Directeur de Recherche (LAFDR)<\/em> du CTS Sciences Naturelles-Agronomie du CAMES <\/span><\/li><li><span style=\"color: #000000;\"><strong>1er d\u00e9cembre 2013<\/strong> : <em>Chef du D\u00e9partement de Botanique et G\u00e9ologie<\/em> de l\u2019IFAN Ch. A. Diop <\/span><\/li><li><span style=\"color: #000000;\"><strong>2013<\/strong> : <em>Inscrit sur Liste d\u2019Aptitude aux Fonctions de Ma\u00eetre de Recherche (LAFMR) du CTS Sciences Naturelles-Agronomie du CAMES<\/em> <\/span><\/li><li><span style=\"color: #000000;\"><strong>2000<\/strong> : <em>Nomm\u00e9 Chef du Laboratoire de Botanique de l\u2019IFAN Ch. A. Diop<\/em> <\/span><\/li><li><span style=\"color: #000000;\"><strong>1999<\/strong> : <em>Inscrit sur Liste d\u2019Aptitude aux Fonctions de Charg\u00e9 de Recherche (LAFCR) du CTS Sciences Naturelles-Agronomie du CAMES<\/em> <\/span><\/li><li><span style=\"color: #000000;\"><strong>1er Octobre 1995<\/strong> : Recrut\u00e9 comme Chercheur (Assistant de Recherche) au Laboratoire de Botanique de l&#8217;Institut Fondamental d&#8217;Afrique Noire (IFAN) Cheikh Anta Diop \/ UCAD. <\/span><\/li><\/ul><h4 style=\"text-align: center;\"><span style=\"color: #000000;\">Facult\u00e9 des Sciences et Techniques, D\u00e9partement de Biologie V\u00e9g\u00e9tale <\/span><\/h4><ul><li><span style=\"color: #000000;\"><strong>1994 \u00e0 2000<\/strong> : Travaux dirig\u00e9s et pratiques de biologie v\u00e9g\u00e9tale (1\u00e8re et 2\u00e8me ann\u00e9es de sciences naturelles) : ENSEIGNEMENT SECONDAIRE Coll\u00e8ge Sacr\u00e9-C\u0153ur de Dakar <\/span><\/li><li><span style=\"color: #000000;\"><strong>1993 \/ 1995<\/strong> : Professeur de Sciences Naturelles en seconde au Coll\u00e8ge Sacr\u00e9 C\u0153ur (Dakar).<\/span><\/li><\/ul><\/div>\n\t\t\t\t<\/div>\n\t\t\t\t\t\t\t<div class=\"elementor-accordion-item\">\n\t\t\t\t\t<div id=\"elementor-tab-title-2163\" class=\"elementor-tab-title\" data-tab=\"3\" role=\"button\" aria-controls=\"elementor-tab-content-2163\" aria-expanded=\"false\">\n\t\t\t\t\t\t\t\t\t\t\t\t\t<span class=\"elementor-accordion-icon elementor-accordion-icon-left\" aria-hidden=\"true\">\n\t\t\t\t\t\t\t\t\t\t\t\t\t\t\t<span class=\"elementor-accordion-icon-closed\"><i class=\"fas fa-plus\"><\/i><\/span>\n\t\t\t\t\t\t\t\t<span class=\"elementor-accordion-icon-opened\"><i class=\"fas fa-minus\"><\/i><\/span>\n\t\t\t\t\t\t\t\t\t\t\t\t\t\t<\/span>\n\t\t\t\t\t\t\t\t\t\t\t\t<a class=\"elementor-accordion-title\" tabindex=\"0\">Activit\u00e9s d'enseignement\/encadrement et de recherche<\/a>\n\t\t\t\t\t<\/div>\n\t\t\t\t\t<div id=\"elementor-tab-content-2163\" class=\"elementor-tab-content elementor-clearfix\" data-tab=\"3\" role=\"region\" aria-labelledby=\"elementor-tab-title-2163\"><h4 style=\"text-align: center;\"><span style=\"color: #000000;\"><strong>ENCADREMENTS<\/strong><\/span><\/h4><p><span style=\"color: #000000;\"><strong><em>Th\u00e8ses<\/em><\/strong><\/span><\/p><p style=\"text-align: center;\"><span style=\"color: #000000;\"><strong>Doctorat unique<\/strong><\/span><\/p><ul><li><span style=\"color: #000000;\">Co-encadrement d\u2019une th\u00e8se unique sur \u00ab\u00a0<strong><em>M<\/em><em>od\u00e8le d\u2019aide \u00e0 la d\u00e9cision par des approches de la mod\u00e9lisation: application \u00e0 l&#8217;arrosage des v\u00e9g\u00e9taux cultiv\u00e9s et urbains par la technique d&#8217;irrigation d\u00e9ficitaire pour am\u00e9liorer la productivit\u00e9 de l&#8217;eau en ville et en campagne<\/em><\/strong>\u00bb. Ecole Doctorale Informatique, T\u00e9l\u00e9communications, Electronique (ED 130), Sorbonne Universit\u00e9 (<em><strong>soutenue 13 d\u00e9cembre 2023<\/strong><\/em>).<\/span><\/li><\/ul><p><span style=\"color: #000000;\"><strong>Candidat\u00a0<em>: Serigne Kosso SENE<\/em><\/strong><\/span><\/p><ul><li><span style=\"color: #000000;\">Co-encadrement d\u2019une th\u00e8se unique sur \u00ab\u00a0<strong><em>Biodiversit\u00e9 urbaine et services \u00e9cosyt\u00e8miques dans l&#8217;agglom\u00e9ration de Dakar (S\u00e9n\u00e9gal)<\/em><\/strong>\u00bb. Ecole Doctorale Sciences de la Vie, de la Sant\u00e9 et de l\u2019Environnement (ED-SEV), UCAD. (<strong><em>En cours<\/em><\/strong>)<\/span><\/li><\/ul><p><span style=\"color: #000000;\"><strong>Candidat\u00a0<em>: Thierno Bachir SOW<\/em><\/strong><\/span><\/p><ul><li><span style=\"color: #000000;\">Encadrement d\u2019une th\u00e8se unique sur \u00ab\u00a0<strong><em>Diversit\u00e9 et potentialit\u00e9 des Pt\u00e9ridophytes au S\u00e9n\u00e9gal<\/em><\/strong>\u00bb. Ecole Doctorale Sciences de la Vie, de la Sant\u00e9 et de l\u2019Environnement (ED-SEV), UCAD. (<strong><em>En cours<\/em><\/strong>)<\/span><\/li><\/ul><p><span style=\"color: #000000;\"><strong>Candidat\u00a0<em>: Paterne Arnaud Bernard MINGOU<\/em><\/strong><\/span><\/p><ul><li><span style=\"color: #000000;\">Encadrement d\u2019une th\u00e8se unique sur \u00ab\u00a0<strong><em>Etude comparative de la cosm\u00e9top\u00e9e des Peulh et des Wolof du Ferlo Nord S\u00e9n\u00e9gal<\/em><\/strong> \u00bb Ecole Doctorale Sciences de la Vie, de la Sant\u00e9 et de l\u2019Environnement (ED-SEV), UCAD. (<strong><em>soutenue le 21 septembre 2021<\/em><\/strong>)<\/span><\/li><\/ul><p><span style=\"color: #000000;\"><strong>Candidat\u00a0<em>: <\/em>B\u00e9t\u00e9mondji D\u00e9sir\u00e9 DIATTA<\/strong><\/span><\/p><ul><li><span style=\"color: #000000;\">Encadrement d\u2019une Th\u00e8se sur \u00ab\u00a0<strong><em>Contribution \u00e0 l\u2019am\u00e9lioration de l\u2019utilisation de cinq (5) esp\u00e8ces de l\u00e9gumes traditionnels de type Africain [(<\/em><\/strong><strong>Vigna unguiculata<em> (L.) WALP \u00abni\u00e9b\u00e9\u00bb, Hibiscus sabdariffa L. \u00abbissap\u00bb, <\/em>Moringa oleifera<em> \u00abarbre de la vie\u00bb, <\/em>Amaranthus<em> L. spp. \u00abamarante\u00bb et Solanum aethiopicum L. \u00ab\u00a0aubergine Africaine\u00bb)] au S\u00e9n\u00e9ga<\/em><\/strong>l\u00bb. Th\u00e8se de doctorat, Ecole Doctorale Sciences de la Vie, de la Sant\u00e9 et de l\u2019Environnement (ED-SEV), UCAD, (<strong><em>soutenue le 03 f\u00e9vrier 2018<\/em><\/strong>).<\/span><\/li><\/ul><p><span style=\"color: #000000;\"><strong>Candidat\u00a0<em>: Meissa DIOUF <\/em><\/strong><\/span><\/p><ul><li><span style=\"color: #000000;\">Encadrement d\u2019une Th\u00e8se sur \u00ab\u00a0<strong><em>Diversit\u00e9 des plantes utilis\u00e9es par les Ba\u00efnounk de Djibonker, r\u00e9gion de Ziguinchor (S\u00e9n\u00e9gal)<\/em><\/strong>\u00bb. Th\u00e8se de doctorat, Ecole Doctorale Sciences de la Vie, de la Sant\u00e9 et de l\u2019Environnement (ED-SEV), UCAD, (<strong><em>soutenue le 26 f\u00e9vrier 2016<\/em><\/strong>).<\/span><\/li><\/ul><p><span style=\"color: #000000;\"><strong>Candidat\u00a0<em>: Cheikh Daouda DIATTA <\/em><\/strong><\/span><\/p><ul><li><span style=\"color: #000000;\">Co-encadrement d\u2019une th\u00e8se sur \u00ab\u00a0<strong><em>Caract\u00e9risation de la v\u00e9g\u00e9tation ligneuse du Ferlo et son usage par les populations locales<\/em><\/strong>\u00bb. Th\u00e8se de doctorat, Ecole Doctorale Sciences de la Vie, de la Sant\u00e9 et de l\u2019Environnement (ED-SEV), UCAD, 124 p. (<strong><em>soutenue le 28 novembre 2014<\/em><\/strong>).<\/span><\/li><\/ul><p><span style=\"color: #000000;\"><strong>Candidat\u00a0<em>: Mame Khoudia NIANG SENE<\/em><\/strong><\/span><\/p><p><span style=\"color: #000000;\"><strong>\u00a0<\/strong><\/span><\/p><p style=\"text-align: center;\"><span style=\"color: #000000;\"><strong>Doctorat d\u2019exercice<\/strong><\/span><\/p><ul><li><span style=\"color: #000000;\">Encadrement d\u2019une th\u00e8se d\u2019exercice de m\u00e9decine v\u00e9t\u00e9rinaire sur \u00ab\u00a0<em>M\u00e9decine v\u00e9t\u00e9rinaire traditionnelle chez les Peulh de Widou Thiengoli (Ferlo Nord, S\u00e9n\u00e9gal)<\/em>\u00bb. Th\u00e8se de doctorat d\u2019Etat en m\u00e9decine v\u00e9t\u00e9rinbaire, Ecole Inter-Etats de Sciences et M\u00e9decine v\u00e9t\u00e9rinaires, UCAD, 139 p.<strong> (<em>soutenue le 30 juillet 2015<\/em>).<\/strong><\/span><\/li><\/ul><p><span style=\"color: #000000;\"><strong>Candidat\u00a0<em>: M\u00e9doune Sara KASSE<\/em><\/strong><\/span><\/p><p><span style=\"color: #000000;\"><strong>\u00a0<\/strong><\/span><\/p><p style=\"text-align: center;\"><span style=\"color: #000000;\"><strong>M\u00e9moire Masters II<\/strong><\/span><\/p><ul><li><span style=\"color: #000000;\">Encadrement d\u2019un m\u00e9moire de Master 2 sur \u00ab\u00a0<em>Extraction et caract\u00e9risation physico-chimique de l\u2019huile de <\/em>Neocarya macrophylla<em> (Sabine) Prance (<\/em>Chrysobalanaceae<em>)<\/em>. D\u00e9partement de Physique Chimie, Facult\u00e9 des Sciences et Technique UCAD<strong> (<em>soutenu le 14 mai 2016<\/em>).<\/strong><\/span><\/li><\/ul><p><span style=\"color: #000000;\"><strong>Candidat\u00a0: Samba BALDE<\/strong><\/span><\/p><ul><li><span style=\"color: #000000;\">Encadrement d\u2019un <em>m\u00e9moire Master 2 sur \u00ab\u00a0Les ligneux du nouveau p\u00f4le urbain de Diamniadio et leurs usages par les <\/em><em>Sereere<\/em> <em>Saf\u00e8ne\u00a0\u00bb. UPMC Sorbonne Universit\u00e9s et MNHN (Mus\u00e9um National d\u2019Histoire Naturelle), <\/em>Syst\u00e9matique, Evolution paleobiodiversit\u00e9.<strong> (<em>soutenu septembre 2015<\/em>).<\/strong><\/span><\/li><\/ul><p><span style=\"color: #000000;\"><strong>Candidat\u00a0: Fatou Kin\u00e9 GUEYE<\/strong><\/span><\/p><ul><li><span style=\"color: #000000;\">Encadrement d\u2019un <em>m\u00e9moire Master 2 sur \u00ab\u00a0<\/em><em>Etude des plantes utilis\u00e9es dans les pratiques cosm\u00e9tiques traditionnelles des Peulh de Widou Thiengoli (S\u00e9n\u00e9gal). <\/em>Ecole Doctorale Sciences de la Vie, de la Sant\u00e9 et de l\u2019Environnement<em> (<\/em>ED-SEV), UCAD<em> 75 p. <strong>(soutenu 7 avril 2015).<\/strong><\/em><\/span><\/li><\/ul><p><span style=\"color: #000000;\"><strong>Candidat\u00a0: B\u00e9t\u00e9mondji D\u00e9sir\u00e9 DIATTA<\/strong><\/span><\/p><ul><li><span style=\"color: #000000;\">Encadrement d\u2019un <em>m\u00e9moire Master 2 sur \u00ab\u00a0<\/em><em>Inventaire, Re\u0301vision taxinomique et Cre\u0301ation d\u2019une base de connaissances sous Xper2: Cas des <\/em>Aspleniaceae<em> du Togo et des <\/em>Petridaceae<em> du S\u00e9n\u00e9gal\u00a0\u00bb. UPMC Sorbonne Universit\u00e9s et MNHN, <\/em>Syst\u00e9matique, Evolution paleobiodiversit\u00e9, 66 p. (<strong><em>soutenu septembre 2014<\/em><\/strong>).<\/span><\/li><\/ul><p><span style=\"color: #000000;\"><strong>Candidat\u00a0: Paterne Arnaud Bernard MINGOU<\/strong><\/span><\/p><ul><li><span style=\"color: #000000;\">Encadrement d\u2019un <em>m\u00e9moire Master 2 sur \u00ab\u00a0<\/em><em>Coordination de la mise en place d&#8217;une dynamique de r\u00e9seau avec les outils de Tela Botanica en Afrique de l&#8217;Ouest<\/em>\u00bb. Universit\u00e9 Montpellier II Sciences et Techniques, Biologie V\u00e9g\u00e9tale Tropicale, Parcours Professionnel, 112 p. (<strong><em>soutenu 2014<\/em><\/strong>).<\/span><\/li><\/ul><p><span style=\"color: #000000;\"><strong>Candidat\u00a0: Samantha BAZAN <\/strong><\/span><\/p><ul><li><span style=\"color: #000000;\"><em>Encadrement d\u2019un m\u00e9moire de master 2 sur <\/em>\u00ab\u00a0 <em>Ethnobotanique de<\/em> Carapa <em> spp. chez le Diola du Kasa du d\u00e9partement d\u2019Oussouye, r\u00e9gion de Ziguinchor (S\u00e9n\u00e9gal)\u00a0\u00bb<\/em>. D\u00e9partement de biologie v\u00e9g\u00e9tale, Facult\u00e9 des Sciences et Technique UCAD, soutenu 22\/12\/2010, 38p.<\/span><\/li><\/ul><p><span style=\"color: #000000;\"><strong>Candidat\u00a0: Yves DJOUNOUCK <\/strong><\/span><\/p><p style=\"text-align: center;\"><span style=\"color: #000000;\"><strong><em>M\u00e9moire DEA, DESS<\/em><\/strong><\/span><\/p><ul><li><span style=\"color: #000000;\"><em>Encadrement d\u2019un DEA sur \u00ab\u00a0Importance des <\/em><em>plantes m\u00e9dicinales vendues dans les march\u00e9s de Dakar et de sa banlieue <\/em>\u00bb. D\u00e9partement de biologie v\u00e9g\u00e9tale, Facult\u00e9 des Sciences et Technique UCAD. Soutenu le 27 novembre 2009.<\/span><\/li><\/ul><p><span style=\"color: #000000;\"><strong>Candidat\u00a0: Ababacar CISSE<\/strong><\/span><\/p><ul><li><span style=\"color: #000000;\"><em>Encadrement d\u2019un DEA sur \u00ab\u00a0Flore et v\u00e9g\u00e9tation ligneuses de la r\u00e9serve de Ngazobil (Joal-Fadiouth) S\u00e9n\u00e9gal\u00a0\u00bb. <\/em>D\u00e9partement de biologie v\u00e9g\u00e9tale, Facult\u00e9 des Sciences et Technique UCAD<em>. Soutenu juillet 2008, 35p<\/em>.<\/span><\/li><\/ul><p><span style=\"color: #000000;\"><strong>Candidat\u00a0: Cheikh Daouda DIATTA<\/strong><\/span><\/p><ul><li><span style=\"color: #000000;\">Encadrement d\u2019un DEA sur<strong> \u00ab\u00a0<\/strong><em>Etude du fonctionnement d&#8217;une officine traditionnelle \u00e0 Dakar (S\u00e9n\u00e9gal): Approche socio-environnementale de la r\u00e9colte et modes d&#8217;approvisionnement<\/em>\u00bb. Universit\u00e9 d&#8217;Orl\u00e9ans, UFR Lettres, Langues et Sciences Humaines \u2013 D\u00e9partement de G\u00e9ographie-Am\u00e9nagement. 157p.<\/span><\/li><\/ul><p><span style=\"color: #000000;\"><strong>Candidat\u00a0: Aly Simeuh DJIBA<\/strong><\/span><\/p><ul><li><span style=\"color: #000000;\">Encadrement d\u2019un M\u00e9moire de Fin d\u2019Etude sur \u00ab\u00a0<em>Contribution \u00e0 l\u2019\u00e9tude du circuit de distribution et de l\u2019offre et de la demande des plantes m\u00e9dicinales \u00e0 Dakar, S\u00e9n\u00e9gal\u00a0<\/em>\u00bb. M\u00e9moire de fin d\u2019\u00e9tudes, gradu\u00e9 en Agronomie r\u00e9gions chaudes, Ath, Belgique, 30p.<\/span><\/li><\/ul><p><span style=\"color: #000000;\"><strong>Candidat\u00a0: Ga\u00ebl THIEBAUT<\/strong><\/span><\/p><h4 style=\"text-align: center;\"><span style=\"color: #000000;\"><strong>ENSEIGNEMENTS<\/strong><\/span><\/h4><p><span style=\"color: #000000;\"><strong>2018-2020\u00a0. <\/strong>UCAD-ESP (Master II) Agro-alimentaire \u00ab\u00a0<em>Management de la qualit\u00e9 dans les Bio-industries (MAQUAB)\u00a0<\/em>\u00bb<\/span><\/p><p><span style=\"color: #000000;\"><strong>Cours<\/strong>\u00a0: Diversit\u00e9 des mati\u00e8res premi\u00e8res agricoles et foresti\u00e8res\u00a0:<\/span><\/p><p><span style=\"color: #000000;\"><strong>\u00a0<\/strong><\/span><\/p><p><span style=\"color: #000000;\"><strong>2009 &#8211; 2010\u00a0. <\/strong>UFR SADR, ex ENSA (Unit\u00e9\u0301 de Formation et de Recherche des Sciences Agronomiques et du D\u00e9veloppement Rurale) de l\u2019Universit\u00e9\u0301 de Thie\u0300s<\/span><\/p><p><span style=\"color: #000000;\">Master en foresterie, environnement et gestion des ressources naturelles<\/span><\/p><p><span style=\"color: #000000;\"><strong>Cours<\/strong>\u00a0: Botanique g\u00e9n\u00e9rale syst\u00e9matique et ethnobotanique<\/span><\/p><p><span style=\"color: #000000;\"><strong>\u00a0<\/strong><\/span><\/p><p><span style=\"color: #000000;\"><strong>1995 &#8211; 2000 <\/strong>: D\u00e9tach\u00e9 \u00e0 mi-temps vacataire au D\u00e9partement de Biologie V\u00e9g\u00e9tale, Facult\u00e9 des Sciences et Techniques, UCAD.<\/span><\/p><p><span style=\"color: #000000;\"><strong>Cours<\/strong>\u00a0: Travaux dirig\u00e9s et pratiques de biologie v\u00e9g\u00e9tale (1<sup>\u00e8re<\/sup> et 2<sup>\u00e8me<\/sup> ann\u00e9es de sciences naturelles)\u00a0:<\/span><\/p><p><span style=\"color: #000000;\"><strong><em>1<sup>\u00e8re<\/sup> ann\u00e9e\u00a0: cytologie, histologie et anatomie<\/em><\/strong><\/span><\/p><p><span style=\"color: #000000;\">Cet enseignement comporte deux volets : la cytologie, une introduction \u00e0 l\u2019histologie et \u00e0 l&#8217;anatomie v\u00e9g\u00e9tale. Il s&#8217;agit pour le premier volet d&#8217;\u00e9tudier la structure de la cellule v\u00e9g\u00e9tale et de l&#8217;ensemble des organites cellulaires. Les fonctions des diff\u00e9rents organites sont \u00e9galement abord\u00e9es au cours des \u00e9tudes ultrastructurales de ces organites, des membranes cellulaires et de la paroi pectocellulosique. Pour la partie histologie et anatomie nous \u00e9tudions les diff\u00e9rents tissus v\u00e9g\u00e9taux aussi bien de la tige que de la racine. Les diff\u00e9rentes techniques (de coupe, de coloration et le principe de la coloration) sont \u00e9galement abord\u00e9es de m\u00eame que les diff\u00e9rents types de repr\u00e9sentations (dessin de d\u00e9tail et dessin d&#8217;ensemble).<\/span><\/p><p><span style=\"color: #000000;\"><strong><em>2<sup>\u00e8me<\/sup> ann\u00e9e\u00a0: botanique<\/em><\/strong><\/span><\/p><p><span style=\"color: #000000;\">Seuls les v\u00e9g\u00e9taux inf\u00e9rieurs (Champignons, Algues et Lichens, Bryophytes et Pt\u00e9ridophytes) sont \u00e9tudi\u00e9s. Les caract\u00e8res distinctifs, l\u2019\u00e9cologie et leurs modes de reproduction sont abord\u00e9s au cours de ces s\u00e9ances de TP. Les int\u00e9r\u00eats agronomiques et\/ou \u00e9conomiques de certaines esp\u00e8ces de ces groupes sont aussi bri\u00e8vement pr\u00e9sent\u00e9s.<\/span><\/p><p><span style=\"color: #000000;\"><strong>1993 &#8211; 1994 <\/strong>: Moniteur au D\u00e9partement de Biologie V\u00e9g\u00e9tale, Facult\u00e9 des Sciences et Techniques, UCAD.<\/span><\/p><p><span style=\"color: #000000;\"><strong>Cours\u00a0<\/strong>:<\/span><\/p><ul><li><span style=\"color: #000000;\">Aider les enseignants titulaires dans la mise en place des dispositifs exp\u00e9rimentaux des Travaux pratiques de physiologie v\u00e9g\u00e9tale et de microbiologie<\/span><\/li><li><span style=\"color: #000000;\">Expliquer et assister les \u00e9tudiants dans la prise des mesures et l\u2019interpr\u00e9tation des r\u00e9sultats<\/span><\/li><\/ul><\/div>\n\t\t\t\t<\/div>\n\t\t\t\t\t\t\t<div class=\"elementor-accordion-item\">\n\t\t\t\t\t<div id=\"elementor-tab-title-2164\" class=\"elementor-tab-title\" data-tab=\"4\" role=\"button\" aria-controls=\"elementor-tab-content-2164\" aria-expanded=\"false\">\n\t\t\t\t\t\t\t\t\t\t\t\t\t<span class=\"elementor-accordion-icon elementor-accordion-icon-left\" aria-hidden=\"true\">\n\t\t\t\t\t\t\t\t\t\t\t\t\t\t\t<span class=\"elementor-accordion-icon-closed\"><i class=\"fas fa-plus\"><\/i><\/span>\n\t\t\t\t\t\t\t\t<span class=\"elementor-accordion-icon-opened\"><i class=\"fas fa-minus\"><\/i><\/span>\n\t\t\t\t\t\t\t\t\t\t\t\t\t\t<\/span>\n\t\t\t\t\t\t\t\t\t\t\t\t<a class=\"elementor-accordion-title\" tabindex=\"0\">Communications<\/a>\n\t\t\t\t\t<\/div>\n\t\t\t\t\t<div id=\"elementor-tab-content-2164\" class=\"elementor-tab-content elementor-clearfix\" data-tab=\"4\" role=\"region\" aria-labelledby=\"elementor-tab-title-2164\"><ol><li><p><strong>Gu\u00e8ye A.<\/strong> et Ayessou N. (2024). La recherche cosm\u00e9tique au S\u00e9n\u00e9gal : \u00e9tat des lieux et besoins. 8\u00e8me Forum International Afrique Beaut\u00e9, 1er au 4 octobre 2024 Orl\u00e9ans, France.<\/p><\/li><li><p>Ayessou N. <strong>Gu\u00e8ye M<\/strong>. (2024). Utilisation des huiles non conventionnelles en cosm\u00e9tique au S\u00e9n\u00e9gal. 8\u00e8me Forum International Afrique Beaut\u00e9, 1er au 4 octobre 2024 Orl\u00e9ans, France.<\/p><\/li><li><span style=\"color: #000000;\">Sy T. B., Deme M., Dieng. S. D., Badiane S.D., C. Ndiaye et <strong>Gu\u00e8ye M.<\/strong> (<strong>2023<\/strong>). Dynamique des paysages et am\u00e9nagement de l\u2019UCAD de 1957 a\u0300 2021\u00a0: Quelles r\u00e9alisations pour la conservation de la biodiversit\u00e9\u0301 ? <em>Colloque International Hommage et Reconnaissance au Professeur Ibrahima Thioub. 13, 14 et 15 juillet 2023 Dakar, S\u00e9n\u00e9gal.<\/em><\/span><\/li><li><span style=\"color: #000000;\">Sy T. B., Badiane S.D., Dieng. D., Thiaw D., Deme M., C. Ndiaye et <strong>Gu\u00e8ye M.<\/strong> (<strong>2023<\/strong>). Phytonymie et marqueur spatial dans l\u2019agglom\u00e9ration de Dakar\u00a0: cas de <em>S\u00e0ndaga<\/em>, Fass <em>Bentenier<\/em>, <em>Mboul<\/em> et Baobab. <em>Colloque International de Linguistique de Dakar (CiLDak) \u00ab\u00a0La description des langues en Afrique\u00a0: entre donn\u00e9es et th\u00e9ories\u00a0\u00bb. 16 au 18 mars 2023, Dakar, S\u00e9n\u00e9gal.<\/em><\/span><\/li><li><span style=\"color: #000000;\">Sy T. B., Deme M., Dieng. D., Badiane S.D., Thiaw D., Niang A. et <strong>Gu\u00e8ye M.<\/strong> (<strong>2023<\/strong>). Conservation de la biodiversit\u00e9 v\u00e9g\u00e9tale dans les cimeti\u00e8res\u00a0: entre patrimonialisation et int\u00e9gration paysag\u00e8re \u00e0 Dakar. <em>Premi\u00e8res journ\u00e9es de l\u2019Am\u00e9nagement du Territoire (Pour des territoires urbains comp\u00e9titifs et durables). Colloque international, 25 au 27 janvier 2023, Dakar, S\u00e9n\u00e9gal.<\/em><\/span><\/li><li><span style=\"color: #000000;\">Deme M., Sy T. B., Dieng. D., Badiane S.D., Ciss\u00e9 B., Niang A. et <strong>Gu\u00e8ye M.<\/strong> (<strong>2023<\/strong>). Trame verte de la commune du Plateau (Dakar) : entre marqueur historique et fonctions socio-e\u0301cologiques. <em>Premi\u00e8res journ\u00e9es de l\u2019Am\u00e9nagement du Territoire (Pour des territoires urbains comp\u00e9titifs et durables). Colloque international, 25 au 27 janvier 2023, Dakar, S\u00e9n\u00e9gal.<\/em><\/span><\/li><li><span style=\"color: #000000;\"><strong>Gu\u00e8ye M. (2022)<\/strong>. Bonnes pratiques dans la collecte des ressources v\u00e9g\u00e9tales et identification de nouvelles ressources en cosm\u00e9tique. <em>7<sup>\u00e8me<\/sup> forum de la F\u00e9d\u00e9ration Internationale Afrique Beaut\u00e9 (FIAB) 15 au 19 octobre 2022, Saly, S\u00e9n\u00e9gal <\/em><\/span><\/li><li><span style=\"color: #000000;\">Diatta B. D. et <strong>Gu\u00e8ye M.<\/strong> <strong>(2022)<\/strong>. Plantes exploit\u00e9es dans le traitement des affections dermatologiques au Ferlo Nord : Diversit\u00e9 et activit\u00e9s antimicrobiennes. <em>7<sup>\u00e8me<\/sup> forum de la F\u00e9d\u00e9ration Internationale Afrique Beaut\u00e9 (FIAB) 15 au 19 octobre 2022, Saly, S\u00e9n\u00e9gal<\/em><\/span><\/li><li><span style=\"color: #000000;\"><strong>Gu\u00e8ye M.<\/strong> <strong>(2022).<\/strong> Taxonomie en phytoth\u00e9rapie\u00a0: Identification des plantes. <em>S\u00e9minaire international de base en phytoth\u00e9rapie m\u00e9dicale et m\u00e9decine int\u00e9grative au Sahel. 5 au 7 aout 2022, Mbour, S\u00e9n\u00e9gal<\/em><\/span><\/li><li><span style=\"color: #000000;\"><strong>Gu\u00e8ye , <\/strong>Diop S., Koma S., Diop D. et Mingou P.B. (<strong>2022<\/strong>). Conservation de Savoirs locaux\u00a0: cas de l\u2019Herbier de IFAN Ch. A. Diop. <em>Ateliers du R\u00e9seau International des valeurs culturelles Solidaires (REVACS), 20 et 21 juin 2022 Dakar, S\u00e9n\u00e9gal<\/em><\/span><\/li><li>\u00a0<\/li><li><span style=\"color: #000000;\">Bald\u00e9 S., Ayessou N.C., Niane K., Ndiaye B., <strong>Gu\u00e8ye M.<\/strong>, Ciss\u00e9 M. et Mar Diop C. G. M. (<strong>2021<\/strong>). Impact des m\u00e9thodes d\u2019extraction sur le potentiel antioxydant de l\u2019huile de <em>Momordica charantia<\/em> <em>21<sup>\u00e8mes<\/sup> journ\u00e9es scientifiques annuelles de la SOACHIM 09-14 Ao\u00fbt 2021, Niamey, Niger.<\/em><\/span><\/li><li><span style=\"color: #000000;\">Bald\u00e9 S., Ayessou N.C., Niane K., Ndiaye B., <strong>Gu\u00e8ye M.<\/strong>, Ciss\u00e9 M. et Mar Diop C. G. M. (<strong>2021<\/strong>). \u00c9valuation du potentiel antioxydant de l\u2019huile de <em>Momordica charantia<\/em> <em>1<sup>\u00e8re<\/sup> \u00e9dition des Doctoriales du RESCIF le 19 mai<\/em>.<\/span><\/li><li><span style=\"color: #000000;\"><strong>Gu\u00e8ye M.<\/strong> (<strong>2019<\/strong>). <em>Bonnes pratiques de collecte de plantes m\u00e9dicinales<\/em>. <em>S\u00e9minaire international sur \u00ab\u00a0<\/em><em>Contr\u00f4le de qualit\u00e9 des plantes et phytom\u00e9dicaments\u00a0\u00bb <\/em><em>11 et le 13 D\u00e9cembre 2019, Laboratoire de contr\u00f4le des m\u00e9dicaments (LNCM), Dakar, S\u00e9n\u00e9gal<\/em>.<\/span><\/li><li><span style=\"color: #000000;\"><strong>Diatta B. D.<\/strong>, Houel E., Niass O., <strong>Gu\u00e8ye M.<\/strong>, Diouf M. et Boetsch G. (<strong>2019<\/strong>). Choice, phytochemical compositionand antimicrobial activity of toothpick used in Tess\u00e9k\u00e9r\u00e9 (Ferlo, Senegal). <em>7<sup>\u00e8me<\/sup> Symposium International du Labex DRIIHM, 07 au 09 Octobre 2019 \u00e0 l\u2019ENS de Lyon (France)<\/em>.<\/span><\/li><li><span style=\"color: #000000;\"><strong>Diatta B. D.<\/strong>, <strong>Gu\u00e8ye M.<\/strong>, Niass O., Houel E., Boetsch G. et Diouf M. (<strong>2018<\/strong>). Diversity and motivations of choice of plants used as sticks rubs tooth by the Peul of the commune of Tessekere (North Ferlo, S\u00e9n\u00e9gal). <em>1<sup>\u00e8re<\/sup> Conf\u00e9rence Conjointe sur le Potentiel de l\u2019Ethnopharmacologie et de la M\u00e9decine Traditionnelle (CIC-PEPMT), 30 Novembre au 02 D\u00e9cembre 2018 \u00e0 l\u2019UCAD Dakar (S\u00e9n\u00e9gal).<\/em><\/span><\/li><li><span style=\"color: #000000;\">Barnaud , Bakasso Y., Barry MB, Catalayud C., Causse S., Diallo, Diop M.A.T., Gu\u00e8ye M.C., <strong>Gu\u00e8ye <\/strong><strong>M.<\/strong>, Kane N.A., Mariac C., Ngom A., Ntui V.O., Olodo K., Rivallan R., Saidou S., Uyoh E.A., Vigouroux Y., Zekraoui L. et Billot C. (<strong>2018<\/strong>). Mobilizing Neglected and Underutilized Crop diversity for the future: fonio, a cereal from Western Africa. <strong><em>The Third Jack R. Harlan International Symposium <\/em><\/strong><em>Dedicated to the Origins of Agriculture and the Domestication, Evolution, and Utilization of Genetic Resources, 3-7 juin 2018, Montpellier, France<\/em>.<\/span><\/li><li><span style=\"color: #000000;\"><strong>G<\/strong><strong>u\u00e8ye M.<\/strong>, <strong>Diop S.<\/strong>, <strong>Diop D.<\/strong> et <strong>Koma S.<\/strong> (<strong>2017<\/strong>). L\u2019Herbier de l\u2019IFAN Ch. A. Diop\u00a0: un patrimoine r\u00e9gional. <em>1<sup>er<\/sup> Colloque international sur les Arbres Fruitiers Sauvages d\u2019Afrique de l\u2019Ouest, 20 au 22 juillet 2017, Ziguinchor, S\u00e9n\u00e9gal.<\/em><\/span><\/li><li><span style=\"color: #000000;\">Diatta C.D., <strong>Gu\u00e8ye M.<\/strong>, Akpo L.E. (<strong>2017<\/strong>). Diversit\u00e9 et usages des Plantes alimentaires sauvages des Ba\u00efnounk De Djibonker, R\u00e9gion De Ziguinchor (S\u00e9n\u00e9gal). <em>1<sup>er<\/sup> Colloque international sur les Arbres Fruitiers Sauvages d\u2019Afrique de l\u2019Ouest, 20 au 22 juillet 2017, Ziguinchor, S\u00e9n\u00e9gal.<\/em><\/span><\/li><li><span style=\"color: #000000;\"><strong>Gu\u00e8ye M.<\/strong> (<strong>2017<\/strong>). APA (Acc\u00e8s et Partage des Avantages) et collections historiques\u00a0: \u00ab\u00a0La premi\u00e8re mission d\u2019\u00e9tude de la pharmacop\u00e9e indig\u00e8ne en Afrique Occidentale Fran\u00e7aise (A.O.F.)\u00a0\u00bb <em>10<sup>\u00e8me<\/sup> <\/em><em>\u00a0<\/em><em>atelier panafricain sur l\u2019acc\u00e8s et le partage des avantages issus de l\u2019exploitation des ressources g\u00e9n\u00e9tiques (APA), 6 au 10 mars 2017, Dakar, S\u00e9n\u00e9gal <\/em><\/span><\/li><li><span style=\"color: #000000;\">Diatta C.D., <strong>Gu\u00e8ye M.<\/strong>, Akpo L.E. (<strong>2016<\/strong>). Diversit\u00e9, distribution du savoir et ethnotaxonomie des plantes m\u00e9dicinales utilis\u00e9es par les Bainounk de Djibonker (S\u00e9n\u00e9gal). <em>Colloque international \u00ab\u00a0Sciences sociales et Sant\u00e9 IV\u00a0: Les plantes comme recours th\u00e9rapeutique et comme cosm\u00e9tique entre permanence et innovation\u00a0\u00bb 21-22 avril 2016, F\u00e8s, Maroc<\/em>.<\/span><\/li><li><span style=\"color: #000000;\"><strong>Gu\u00e8ye M.<\/strong>, <strong>Diop S.<\/strong>, Diatta C.D., <strong>Koma S.<\/strong>, Akpo L.E. et Samb P.I. (<strong>2015<\/strong>) Les plantes utilis\u00e9es en gyn\u00e9cologie par les Malink\u00e9 du Sud-Est du S\u00e9n\u00e9gal. <em>2<sup>\u00e8me<\/sup> Journ\u00e9es scientifiques du CAMES, 23-25 novembre 2015, Dakar, S\u00e9n\u00e9gal<\/em><\/span><\/li><li><span style=\"color: #000000;\">Diatta C.D., <strong>Gu\u00e8ye M.<\/strong>, Akpo L.E. (<strong>2015<\/strong>). Les plantes m\u00e9dicinales utilis\u00e9es par les Bainounk de Djibonker (S\u00e9n\u00e9gal). <em>2<sup>\u00e8me<\/sup> Journ\u00e9es scientifiques du CAMES, 23-25 novembre 2015, Dakar, S\u00e9n\u00e9gal<\/em><\/span><\/li><li><span style=\"color: #000000;\">Ayessou N., <strong>Gu\u00e8ye M.<\/strong>, Ciss\u00e9 M. et Sakho M. (<strong>2015<\/strong>). Int\u00e9r\u00eat nutritionnel des graines de <em>Boscia senegalensis<\/em> (Pers.) Lam. ex Poir. <em>2<sup>\u00e8me<\/sup> Journ\u00e9es scientifiques du CAMES, 23-25 novembre 2015, Dakar, S\u00e9n\u00e9gal<\/em><\/span><\/li><li><span style=\"color: #000000;\"><strong>G<\/strong><strong>u\u00e8ye M.<\/strong>, <strong>Koma S.<\/strong>, <strong>Diop D.<\/strong> et <strong>Diop S.<\/strong> <strong>(2015) <\/strong>Apport des Herbiers dans la recherche de nouvelles substances cosm\u00e9tiques : cas de l\u2019Herbier de l\u2019IFAN Ch. A. Diop\/UCAD. <em>2<sup>\u00e8me<\/sup> Rencontres Cosm\u00e9tiques et d\u00e9veloppement durable en Afrique de l\u2019Ouest\u00a0: peaux noire et m\u00e9tiss\u00e9s, 11-12 novembre 2015 Dakar, S\u00e9n\u00e9gal.<\/em><\/span><\/li><li><span style=\"color: #000000;\"><strong>Diatta B. D.<\/strong> et <strong>Gu\u00e8ye M.<\/strong> (<strong>2015<\/strong>). Les tatouages buccaux chez les Peulh de Widou Thiengoli (Ferlo Nord, S\u00e9n\u00e9gal). <em>2<sup>\u00e8me<\/sup> Rencontres Cosm\u00e9tiques et d\u00e9veloppement durable en Afrique de l\u2019Ouest\u00a0: peaux noire et m\u00e9tiss\u00e9s, 11-12 novembre 2015 Dakar, S\u00e9n\u00e9gal.<\/em><\/span><\/li><li><span style=\"color: #000000;\">Diouf M., Sambou K., Soudant E. et <strong>Gu\u00e8ye M.<\/strong> (<strong>2015<\/strong>) Les plantes \u00e0 vis\u00e9e cosm\u00e9tique dans une officine de m\u00e9decine traditionnelle. <em>2<sup>\u00e8me<\/sup> Rencontres Cosm\u00e9tiques et d\u00e9veloppement durable en Afrique de l\u2019Ouest\u00a0: peaux noire et m\u00e9tiss\u00e9s, 11-12 novembre 2015 Dakar, S\u00e9n\u00e9gal.<\/em><\/span><\/li><li><span style=\"color: #000000;\"><strong>G<\/strong><strong>u\u00e8ye M. (2014). <\/strong>Huiles traditionnelles dans les soins de la peau au S\u00e9n\u00e9gal. <em>3<sup>\u00e8me<\/sup> colloque internationale Cosm\u00e9top\u00e9e\u00a0: du sourcing v\u00e9g\u00e9tal \u00e0 l\u2019actif cosm\u00e9tique, Chartres, France le 21 mai 2014.<\/em><\/span><\/li><li><span style=\"color: #000000;\">Sambou K., Djiba A.S. et <strong>G<\/strong><strong>u\u00e8ye M. (2014). <\/strong>Place et fonction des officines de m\u00e9decine traditionnelle dans les syst\u00e8mes de sant\u00e9: \u00e9tude de cas. <em>Colloque sur Pharmacop\u00e9e et plantes m\u00e9dicinales de l\u2019Afrique de l\u2019Ouest\u00a0: enjeux et perspective de d\u00e9veloppement, Dakar, S\u00e9n\u00e9gal le 26 avril 2014.<\/em><\/span><\/li><li><span style=\"color: #000000;\"><strong>Gu\u00e8ye M.<\/strong>, Djiba A.S. et Moretti C. (<strong>2013<\/strong>). Les plantes m\u00e9dicinales utilis\u00e9es dans une officine de m\u00e9decine traditionnelle \u00e0 Dakar\u00a0: cas des esp\u00e8ces sah\u00e9liennes. <em>Colloque international et interdisciplinaire \u00ab\u00a0Biodiversit\u00e9 v\u00e9g\u00e9tale et ressources th\u00e9rapeuthiques dans le Sahel\u00a0\u00bb <\/em><em>Dakar, S\u00e9n\u00e9gal du 10 au 12 d\u00e9cembre 2013<\/em><\/span><\/li><li><span style=\"color: #000000;\">Hann A., AyessouC., Ciss\u00e9 M., <strong>Gu\u00e8ye M.<\/strong>, Sakho M. et Diop C.M. (<strong>2013<\/strong>). Usages th\u00e9rapeutiques et int\u00e9r\u00eat nutritionnel de deux l\u00e9gumes-feuilles\u00a0: <em>Leptadenia hastata<\/em> et <em>Senna obtusifolia<\/em>. <em>Colloque international et interdisciplinaire \u00ab\u00a0Biodiversit\u00e9 v\u00e9g\u00e9tale et ressources th\u00e9rapeuthiques dans le Sahel\u00a0\u00bb <\/em><em>Dakar, S\u00e9n\u00e9gal du 10 au 12 d\u00e9cembre 2013<\/em><\/span><\/li><li><span style=\"color: #000000;\"><strong>Gu\u00e8ye M.<\/strong> (<strong>2013<\/strong>). L\u2019huile de <em>Carapa<\/em> et la durabilit\u00e9 des peuplements au S\u00e9n\u00e9gal. <em>1<sup>\u00e8re<\/sup> rencontre cosm\u00e9tique et d\u00e9veloppement durable de l\u2019Afrique de l\u2019Ouest.<\/em> <em>Dakar, S\u00e9n\u00e9gal du 6 au 8 novembre 2013<\/em>.<\/span><\/li><li><span style=\"color: #000000;\">AyessouC., Ciss\u00e9 M., <strong>Gu\u00e8ye M.<\/strong> et Sakho M. (<strong>2013<\/strong>). Contribution au dosage du t\u00e9tramethylammonium dans le fruit de <em>Maerua pseudopetalosa <\/em>(Gilg &amp; Benedict) De Wolf. <em>15<sup>\u00e8me<\/sup> journ\u00e9es scientifiques de la SOACHIM (Soci\u00e9t\u00e9 Africaine de Chimie), Ouagadougou, Burkina Faso 12 au 15 ao\u00fbt 2013<\/em><\/span><\/li><li><span style=\"color: #000000;\">Pique R., K. Hardy et <strong> Gu\u00e8ye<\/strong>, (<strong>2012<\/strong>). Not just fuel: trees and shrubs in Saloum Delta, Senegal<em>.<\/em> <em>The Intangible Elements of Culture in Ethnoarchaeological Research. International conf\u00e9rence, Rome, Italie 21 au 23 novembre 2012.<\/em><\/span><\/li><\/ol><\/div>\n\t\t\t\t<\/div>\n\t\t\t\t\t\t\t<div class=\"elementor-accordion-item\">\n\t\t\t\t\t<div id=\"elementor-tab-title-2165\" class=\"elementor-tab-title\" data-tab=\"5\" role=\"button\" aria-controls=\"elementor-tab-content-2165\" aria-expanded=\"false\">\n\t\t\t\t\t\t\t\t\t\t\t\t\t<span class=\"elementor-accordion-icon elementor-accordion-icon-left\" aria-hidden=\"true\">\n\t\t\t\t\t\t\t\t\t\t\t\t\t\t\t<span class=\"elementor-accordion-icon-closed\"><i class=\"fas fa-plus\"><\/i><\/span>\n\t\t\t\t\t\t\t\t<span class=\"elementor-accordion-icon-opened\"><i class=\"fas fa-minus\"><\/i><\/span>\n\t\t\t\t\t\t\t\t\t\t\t\t\t\t<\/span>\n\t\t\t\t\t\t\t\t\t\t\t\t<a class=\"elementor-accordion-title\" tabindex=\"0\">Publications<\/a>\n\t\t\t\t\t<\/div>\n\t\t\t\t\t<div id=\"elementor-tab-content-2165\" class=\"elementor-tab-content elementor-clearfix\" data-tab=\"5\" role=\"region\" aria-labelledby=\"elementor-tab-title-2165\"><ol><li><p>Diouf A., Mingou P.A.B., Ba T. et <strong>Gu\u00e8ye M<\/strong>. (2025). Wetlands of Senegal: Biodiversity, Livelihoods, and Conservation. In Wetlands of Tropical and Subtropical Asia and Africa : Biodiversity, Livelihoods, and Conservation. Wiley-Blackwell, 2025-03-13, VitalBook file,. Editor : Thammineni Pullaiah, 341-369. <a href=\"https:\/\/doi.org\/10.1002\/9781394235278.ch15\">https:\/\/doi.org\/10.1002\/9781394235278.ch15<\/a> Online ISBN: 9781394235278, UR Print ISBN: 9781394235247, https:\/\/bookshelf.vitalsource.com\/books\/9781394235254\/epubcfi\/6\/2%5B%3Bvnd.vst.idref%3DAcover%5D!\/4\/2\/2%5Bvst-image-button-364517%5D\/2%400.00:0.00<\/p><\/li><li><p>\u00a0Mingou P.A.B., <strong>Gu\u00e8ye M<\/strong>., Bayet T. et Cambier C. (2024). First reporting of Selaginella kraussiana (Kunze) A.Braun and Selaginella subcordata A.Braun ex Kuhn from Senegal. Biodiversity Data Journal (BDJ), 12: e134350 https:\/\/doi.org\/10.3897\/BDJ.12.e134350<\/p><\/li><li><p>Sy T.B., De\u0300me M., Dieng S.D., Badiane S.D. et <strong>Gue\u0300ye M.<\/strong> (2024). Caract\u00e9risation de la flore ligneuse du campus socio-p\u00e9dagogique de l\u2019Universit\u00e9 Cheikh Anta Diop (UCAD), Dakar (S\u00e9n\u00e9gal). International Journal of Biological and Chemical Sciences (IJBCS), 18 (4): 1448-1464 https:\/\/dx.doi.org\/10.4314\/ijbcs.v18i4.19<\/p><\/li><li><p>Ciss\u00e9 I.B.K., Sow A., Faye P.G., <strong>Gu\u00e8ye M.<\/strong>, Ayessous N.C. et Ciss\u00e9 M. (2024). Diagnosis and Optimization of the Production of \u201cMbite\u201d Drink Based on Sclerocarya birrea (A. Rich) Hostcht. Food and Nutrition Sciences, 15 (11) : 1055-1064. https:\/\/doi.org\/10.4236\/fns.2024.1511068 . ISSN Online: 2157-9458; ISSN Print: 2157-944X<\/p><\/li><li><p><strong>Gu\u00e8ye M.<\/strong>, Garreau JM et Kadio J.M.B. (2024). Les arbres d\u2019importance, \u00e0 prot\u00e9ger \u00e0 Dialacoto au S\u00e9n\u00e9gal Oriental. Eds. SOS Sahel, JRS et IFAN, 36p.<\/p><\/li><li><span style=\"color: #000000;\">Kasse M. S., Diatta B. D., <strong>Gu\u00e8ye M.<\/strong> et Houel E. (<strong>2024<\/strong>). Pathologies animales virales (fi\u00e8vre aphteuse, clavel\u00e9e) et traitements v\u00e9g\u00e9taux impliqu\u00e9s \u00e0 Widou Thiengoly (Ferlo Nord). <em>Journal of Applied Biosciences<\/em> (<em> Appl. Biosci.<\/em>) 20\u00a0: 21387 \u2013 21399. <a style=\"color: #000000;\" href=\"https:\/\/doi.org\/10.35759\/JABs.201.9\">https:\/\/doi.org\/10.35759\/JABs.201.9<\/a>. ISSN 1997-5902<\/span><\/li><li><span style=\"color: #000000;\">Kasse M. S., Diatta B. D., Houel E. et <strong>Gu\u00e8ye M.<\/strong> (<strong>2024<\/strong>). Traitements ethnov\u00e9t\u00e9rinaires des pathologies bact\u00e9riennes dans la commune de Tess\u00e9k\u00e9r\u00e9 au Ferlo Nord (S\u00e9n\u00e9gal). <em>International Journal of Biological and Chemical Sciences <\/em>(IJBCS)<em>.<\/em> 18 (3): 1007-1020<em>. <\/em><a style=\"color: #000000;\" href=\"https:\/\/dx.doi.org\/10.4314\/ijbcs.v18i3.23\"><em>https:\/\/dx.doi.org\/10.4314\/ijbcs.v18i3.23<\/em><\/a><\/span><\/li><li><span style=\"color: #000000;\">Sy T. B., Badiane S.D., Dieng. D., Thiaw D., Deme M., C. Ndiaye et <strong>Gu\u00e8ye M.<\/strong> (<strong>2023<\/strong>). Phytonymie et marqueur spatial dans l\u2019agglom\u00e9ration de Dakar\u00a0: cas de <em>S\u00e0ndaga<\/em>, Fass <em>Bentenier<\/em>, <em>Mboul<\/em> et Baobab. <em>Revue Internationale des Sciences et Technologies de l\u2019\u00c9ducation<\/em>, ISSN 2772-Num\u00e9ro 5, 323-334. <a style=\"color: #000000;\" href=\"https:\/\/fastef.ucad.sn\/liens\/LIEN36\/liens36_article25.pdf\">https:\/\/fastef.ucad.sn\/liens\/LIEN36\/liens36_article25.pdf<\/a><\/span><\/li><li><span style=\"color: #000000;\">Sy T. B., Deme M., Dieng. S. D., Badiane S.D., Ciss\u00e9 B., Thiaw D. et <strong>Gu\u00e8ye M.<\/strong> (<strong>2023<\/strong>). Conservation de la biodiversit\u00e9 v\u00e9g\u00e9tale dans les cimeti\u00e8res\u00a0: entre patrimonialisation et int\u00e9gration paysag\u00e8re \u00e0 Dakar. <em>In<\/em> M. SENE, O. SY et E. H. B. DIEYE (eds), <em>Actes du colloque international des \u00ab Premi\u00e8res Journ\u00e9es de l\u2019Am\u00e9nagement du territoire \u00bb du 25 au 27 janvier 2023 a\u0300 Dakar, S\u00e9n\u00e9gal <\/em>Pour des territoires urbains comp\u00e9titifs et durables, L\u2019Harmattan-S\u00e9n\u00e9gal, 433-454<\/span><\/li><li><span style=\"color: #000000;\">Deme M., Sy T. B., Badiane S.D., Dieng. D., Ciss\u00e9 B., Thiaw D., Niang A. et <strong>Gu\u00e8ye M.<\/strong> (<strong>2023<\/strong>). Trame verte de la commune du Plateau (Dakar) : entre marqueur historique et fonctions socio-e\u0301cologiques. <em>In<\/em> A. M. SENE, O. SY et E. H. B. DIEYE (eds), <em>Actes du colloque international des \u00ab Premi\u00e8res Journ\u00e9es de l\u2019Am\u00e9nagement du territoire \u00bb du 25 au 27 janvier 2023 a\u0300 Dakar, S\u00e9n\u00e9gal <\/em>Pour des territoires urbains comp\u00e9titifs et durables, L\u2019Harmattan-S\u00e9n\u00e9gal, 413-431<\/span><\/li><li><span style=\"color: #000000;\">Sy T.B., De\u0300me M., Gomis D., Dieng S.D. et <strong>Gue\u0300ye M.<\/strong> (<strong>2023<\/strong>). Dynamique des paysages et am\u00e9nagement de l\u2019Universit\u00e9 Cheikh Anta Diop de Dakar de 1957 \u00e0 2021\u00a0: quelles r\u00e9alisations pour la conservation de la biodiversit\u00e9\u00a0? <em>Annales de la Facult\u00e9 des Lettres et Sciences Humaines<\/em>, \u00c9THOS, n\u00b053\/B, 135-150.<\/span><\/li><li><span style=\"color: #000000;\">Mingou P.A.B., Bayet T., Cambier C. et <strong>Gu\u00e8ye M.<\/strong> (<strong>2023<\/strong>). New fern records for the Senegal: <em>Adianthum capillus-veneris<\/em> and <em>Pteris togoensis<\/em> (Pteridaceae). <em>Fern Gazette <\/em>22 (2), 45-60<\/span><\/li><li>\u00a0<\/li><li><span style=\"color: #000000;\">Sy T.B., Badiane S.D., Dieng S.D., De\u0300me M. et <strong>Gue\u0300ye M.<\/strong> (<strong>2022<\/strong>). <em>Patrimoine arbore\u0301 au campus de Dakar : enjeux environnementaux d\u2019un espace socio-pe\u0301dagogique en mutation<\/em>.<em> Rev E\u0301cosyste\u0300mes et Paysages (Togo), 2022, No01, vol 02, 1-11. <\/em><\/span><\/li><li><span style=\"color: #000000;\">Diatta B. D., Niass O., <strong>Gu\u00e8ye M.<\/strong>, Houel E. et Boetsch G. (<strong>2022<\/strong>). <em>Diversit\u00e9 et activit\u00e9 antimicrobienne des plantes impliqu\u00e9es dans le traitement des affections dermatologiques chez les Peul et les Wolof du Ferlo Nord (S\u00e9n\u00e9gal)<\/em>. <em>European Scientific Journal<\/em>, ESJ, 18 (8)\u00a0: 73-97. <a style=\"color: #000000;\" href=\"https:\/\/doi.org\/10.19044\/esj.2022.v18n8p73\">https:\/\/doi.org\/10.19044\/esj.2022.v18n8p73<\/a><\/span><\/li><li><span style=\"color: #000000;\">Ndiaye S., Ndiaye B., Ciss\u00e9 I.B.K., M. Ciss\u00e9, <strong>Gu\u00e8ye M.<\/strong>, Qi Zhang et Ayessou N.C. (<strong>2022<\/strong>). <em>Quassia undulata oil exploitation: Extraction\u2019s Yield, phytochemical profile of seeds and oil cake Nutritional value<\/em>. <em>Food and Nutrition Sciences<\/em>, 13: 136-146. <strong>DOI: <\/strong><a style=\"color: #000000;\" href=\"https:\/\/doi.org\/10.4236\/fns.2022.132013\">4236\/fns.2022.132013<\/a>, ISSN Online: 2157-9458, ISSN Print: 2157-944X<\/span><\/li><li><span style=\"color: #000000;\">Mingou P.A.B., <strong>Gu\u00e8ye M.<\/strong>, Abotsi K.E., Byat T., Cambier C. et Rouhan G. (<strong>2021<\/strong>). <em>Three new records of fern species (Polypodiopsida) in Senegal, from Dindefelo Falls, Kedougou region<\/em>. <em>Check List<\/em> (the journal of biodiversity data), 17 (3): 923\u2013930. <a style=\"color: #000000;\" href=\"https:\/\/doi.org\/10.15560\/17.3.923\">https:\/\/doi.org\/10.15560\/17.3.923<\/a><\/span><\/li><li><span style=\"color: #000000;\">Ndiaye S., <strong>Gu\u00e8ye M.<\/strong>, Bald\u00e9 S., Ndiaye B. et Ayessou N.C. (<strong>2021<\/strong>). <em>Traditional Pathway of Oil Extraction from Quassia undulata Seeds and Its Chemical Characteristic<\/em>. <em>Food and Nutrition Sciences<\/em>, 12: 452_461. <a style=\"color: #000000;\" href=\"https:\/\/doi.org\/10.4236\/fns.2021.125035\">https:\/\/doi.org\/10.4236\/fns.2021.125035<\/a>, <strong>ISSN Online<\/strong>: 2157-9458, <strong>ISSN Print: 2157-944X<\/strong><\/span><\/li><li><span style=\"color: #000000;\"><strong>Gu\u00e8ye M.<\/strong>, <strong>Diop D., Mingou P.A.B.<\/strong>, Samb P.I. (2021). Plants used in gynecology by the Malinke of south-eastern Senegal (K\u00e9dougou region). <em>Journal of Complementary and Alternative Medecal Research<strong>, <\/strong><\/em>13 (3), 35-48. <a style=\"color: #000000;\" href=\"https:\/\/doi.org\/10.9734\/jocamr\/2021\/v13i330228\">https:\/\/doi.org\/10.9734\/jocamr\/2021\/v13i330228<\/a><\/span><\/li><li><span style=\"color: #000000;\"><strong>Diatta B. D.<\/strong>, Niass O., Diouf M., <strong>Gu\u00e8ye M.<\/strong>, Houel E. et Boetsch G. (2019). <em>Diversit\u00e9 et composition phytochimique des plantes utilis\u00e9es comme b\u00e2tonnets frotte-dents (cure-dents) par les Peul de la commune de Tess\u00e9k\u00e9r\u00e9 (Ferlo Nord S\u00e9n\u00e9gal)<\/em>. <em>Phytoth\u00e9rapie<\/em> 19(1)\u00a0: 45-54. <a style=\"color: #000000;\" href=\"https:\/\/doi.org\/10.3166\/phyto-2019-0161\">https:\/\/doi.org\/10.3166\/phyto-2019-0161<\/a><\/span><\/li><li><span style=\"color: #000000;\">Abrouk M., Ahmed H.I., Cubry P., \u0160imon\u00edkov\u00e1 D., Cauet S., Bettgenhaeuser J., Gapa L., Pailles Y., Nora S., Couderc M., Zekraoui L., Kathiresan N., \u010c\u00ed\u017ekov\u00e1 J., H\u0159ibov\u00e1 , E., Dolezel J., Arribat S., Berg\u00e8s H., Wieringa J., <strong>Gu\u00e8ye M<\/strong>., Kane N., Leclerc C., Causse S., Vancoppenolle S., Billot C., Wicker T., Vigouroux Y., Barnaud A. et Krattinger S. (<strong>2020<\/strong>). <em>Fonio millet genome unlocks African orphan crop diversity for agriculture in a changing climate<\/em>. <em>Nature Communications<\/em> 11, 4488 <a style=\"color: #000000;\" href=\"https:\/\/doi.org\/10.1038\/s41467-020-18329-4\">https:\/\/doi.org\/10.1038\/s41467-020-18329-4<\/a><\/span><\/li><li><span style=\"color: #000000;\"><strong>Diatta B. D.<\/strong>, Houel E., <strong>Gu\u00e8ye M.<\/strong>, Niass O. et Boetsch G. (<strong>2019<\/strong>). <em>Activit\u00e9s antimicrobiennes de plantes utilis\u00e9es comme b\u00e2tonnets frotte-dents (cure-dents) par les Peul de la commune de Tess\u00e9k\u00e9r\u00e9 (Ferlo Nord, S\u00e9n\u00e9gal)<\/em>. <em>International Journal of Biological and Chemical Sciences <\/em>(IJBCS), 13 (3): 1444-1457. <a style=\"color: #000000;\" href=\"https:\/\/dx.doi.org\/10.4314\/ijbcs.v13i3.19\">https:\/\/dx.doi.org\/10.4314\/ijbcs.v13i3.19<\/a><\/span><\/li><li><span style=\"color: #000000;\">Bald\u00e9 S., Ayessou N. C., <strong>Gu\u00e8ye M.<\/strong>, Ndiaye B., Sow A., Ciss\u00e9 O.I.K., Ciss\u00e9 M. et Diop C.M. (<strong>2019<\/strong>). <em>Investigations ethnobotaniques de Momordica charantia Linn (Cucurbitaceae) au S\u00e9n\u00e9gal<\/em>. <em>International Journal of Biological and Chemical Sciences <\/em>(IJBCS), 13 (1): 466-474. <a style=\"color: #000000;\" href=\"https:\/\/dx.doi.org\/10.4314\/ijbcs.v13i1.37\">https:\/\/dx.doi.org\/10.4314\/ijbcs.v13i1.37<\/a><\/span><\/li><li><span style=\"color: #000000;\">Ngom A., Mbaye M.S., Barnaud A., Gu\u00e8ye M.C., Camara A.A., <strong>Gu\u00e8ye M.<\/strong>, Diop B.M., Noba K. (<strong>2019<\/strong>). <em>Ecological distribution, diversity and use of the genus Digitaria Haller (Poaceae) in Senega<\/em>l. International Journal of Biodiversity and Conservation, 11 (1)\u00a0: 8-17. <a style=\"color: #000000;\" href=\"https:\/\/doi.org\/10.5897\/ijbc2017.1150\">https:\/\/doi.org\/10.5897\/ijbc2017.1150<\/a> ; Part of ISSN: <a style=\"color: #000000;\" href=\"https:\/\/portal.issn.org\/resource\/ISSN\/2141-243X\">2141-243X<\/a>.<\/span><\/li><li><span style=\"color: #000000;\">Ciss\u00e9 I.B.K., Ndiaye B., Faye P.G., Ayessous N.C., <strong>Gu\u00e8ye M.<\/strong>, Ciss\u00e9 M. et Diop C.M. (<strong>2018<\/strong>). <em>Traditional Mead \u201cBessoudioury\u201d from Senegal: Process and Characterization<\/em>. <em>Food and Nutrition Sciences<\/em>, 9\u00a0: 1424-1433. <a style=\"color: #000000;\" href=\"https:\/\/doi.org\/10.4236\/fns.2018.912103\">https:\/\/doi.org\/10.4236\/fns.2018.912103<\/a><\/span><\/li><li><span style=\"color: #000000;\">Brottier L., Chaintreuil C., Simion P., Scornavacca C., Rivallan R., Mournet P., Moulin L., Lewis G.P., Fardoux J., Brown S.C., Gomez-Pacheco M., Bourges M., Hervouet C., <strong>Gu\u00e8ye M.<\/strong>, Duponnois R., Ramanankierana , Randriambanona H., Vandrot H., Zabaleta M., DasGupta M., D\u2019Hont A., Giraud E. and Arrighi J.F. (<strong>2018<\/strong>). <em>A phylogenetic framework of the legume genus Aeschynomene for comparative genetic analysis of the Nod-dependent and Nod-independent symbioses<\/em>. <em>BMC plant Biology, 18\u00a0: 333<\/em> <a style=\"color: #000000;\" href=\"https:\/\/doi.org\/10.1186\/s12870-018-1567-z\">https:\/\/doi.org\/10.1186\/s12870-018-1567-z<\/a><\/span><\/li><li><span style=\"color: #000000;\">Ngom, Gu\u00e8ye M.C., <strong>Gu\u00e8ye M.<\/strong>, Billot C., Calatayud C., Diop B.M., Kane N.A., Piquet M., Vigouroux Y., Zekraoui L., Mbaye M.S., Noba K. et Barnaud A. (<strong>2018<\/strong>). <em>Cross-species amplification of microsatellite loci developed for Digitaria exilis Stapf in related Digitaria species<\/em>. <em>Journal of Applied Biosciences, <\/em>129\u00a0: 12982-12995<em>. <\/em><a style=\"color: #000000;\" href=\"http:\/\/dx.doi.org\/10.4314\/jab.v129i1.2\">http:\/\/dx.doi.org\/10.4314\/jab.v129i1.2<\/a><\/span><\/li><li><span style=\"color: #000000;\">S\u00e8ne A.L., Niang K, Faye G., Ayessou N., M.B. Sagna, M. Ciss\u00e9, A. Diallo, Ciss\u00e9 O.K., <strong>Gu\u00e8ye<\/strong> et Giss\u00e9 A. (<strong>2018<\/strong>). <em>Identification des usages de Sclerocarya birrea (A.Rich) Hoscht dans la zone du Ferlo (S\u00e9n\u00e9gal) et \u00e9valuation du potentiel biochimique et nutritionnel de son fruit<\/em>. <em>African Journal of Food, Agriculture, Nutrition and Development<\/em> 18 (02)\u00a0:13470-13489. doi\u00a0: 10.18697\/ajfand.82.17015<\/span><\/li><li><span style=\"color: #000000;\">Ayessou, N., Ciss\u00e9, M., <strong>Gu\u00e8ye M.<\/strong>, Ndiaye C. et Diop C. M. (<strong>2018<\/strong>). <em>Nutritional Potential of Two Leafy Vegetables Leptadenia hastata Decne and Senna obtusifolia Link Consumed in Senegal<\/em>. <em>Food and Nutrition Sciences<\/em>, 9, 77-85. doi: <a style=\"color: #000000;\" href=\"https:\/\/doi.org\/10.4236\/fns.2018.92006\">4236\/fns.2018.92006<\/a>.<\/span><\/li><li><span style=\"color: #000000;\">Diouf M., <strong>Gu\u00e8ye M.<\/strong> et Samb P.I. (<strong>2017<\/strong>). <em>Utilisation des param\u00e8tres biochimiques pour la d\u00e9termination de la date optimale de r\u00e9colte des feuilles de bissap (Hibiscus sabdariffa) au S\u00e9n\u00e9gal<\/em>. <em>International Journal of Biological and Chemical Sciences <\/em>(IJBCS), 11 (5), 2306-2314. <a style=\"color: #000000;\" href=\"https:\/\/dx.doi.org\/10.4314\/ijbcs.v11i5.28\">https:\/\/dx.doi.org\/10.4314\/ijbcs.v11i5.28<\/a> (ISSN 1991-8631 (Print), ISSN 1997-342X (Online).<\/span><\/li><li><span style=\"color: #000000;\">Diouf M., <strong>Gu\u00e8ye M.<\/strong> et Samb P.I. (<strong>2017<\/strong>). <em>Participatory Varietal Selection and Agronomic Evaluation of African Eggplant and Roselle Varieties in Mali<\/em>. <em>European Scientific Journal <\/em>(ESJ), 13 (30), 327-340. <a style=\"color: #000000;\" href=\"URL:http:\/\/dx.doi.org\/10.19044\/esj.2017.v13n30p327\">URL:http:\/\/dx.doi.org\/10.19044\/esj.2017.v13n30p327<\/a><\/span><\/li><li><span style=\"color: #000000;\"><strong>Mingou P. A.B.<\/strong> et <strong>Gu\u00e8ye M.<\/strong> (<strong>2017<\/strong>). <em>La Flore Pt\u00e9ridologique de Quelques Endroits Humides de la R\u00e9gion de K\u00e9dougou (S\u00e9n\u00e9gal).<\/em> <em>European Scientific Journal<\/em>, 13 (12)\u00a0: 127-144. URL:http:\/\/dx.doi.org\/10.19044\/esj.2017.v13n12p127<\/span><\/li><li><span style=\"color: #000000;\">Camara A., Hardy K., Dioh E., <strong>Gu\u00e8ye M.<\/strong>, Pidu\u00e9 R., Carr\u00e9 M., Sall M. Diouf M.W. (<strong>2017<\/strong>). <em>Amas et sites coquilliers du delta du Saloum (S\u00e9n\u00e9gal)\u00a0: Pass\u00e9 et pr\u00e9sent<\/em>. <em>L\u2019Anthropologie, <\/em>121, 204-214<em>. <\/em><a style=\"color: #000000;\" href=\"http:\/\/dx.doi.org\/10.1016\/j.anthro.2017.03.018\">http:\/\/dx.doi.org\/10.1016\/j.anthro.2017.03.018<\/a><\/span><\/li><li><span style=\"color: #000000;\">Seid Ali M., Ayessou C.N., Ciss\u00e9 M.,<strong> Gu\u00e8ye M. <\/strong>(<strong>2016<\/strong>). <em>Comparison of two m\u00e9thods of tertrametylammonium dosing in fruit Ma<\/em>eura pseudopetalosa (Gilg. &amp; Benedict) De Wolf. (2016). <em>Asian Journal of Science and Technology <\/em>7 (12), 4050-4052.<\/span><\/li><li><span style=\"color: #000000;\">Ciss\u00e9 A., <strong>Gu\u00e8ye M.<\/strong>, Ka A., Ndiaye F., <strong>Koma S.<\/strong> et Akpo L. E. (<strong>2016<\/strong>). <em>Ethnobotanique des plantes me\u0301dicinales chez les bergers peuls de Widou Thiengoly de la commune de T\u00e9ss\u00e9k\u00e9r\u00e9 (Ferlo-Nord S\u00e9n\u00e9gal)<\/em>. <em>Journal of Applied Biosciences. <\/em>98\u00a0: 9301 \u2013 9308. <a style=\"color: #000000;\" href=\"http:\/\/dx.doi.org\/10.4314\/jab.v98i1.6\">http:\/\/dx.doi.org\/10.4314\/jab.v98i1.6<\/a><\/span><\/li><li><span style=\"color: #000000;\">Hardy, Camara A., Piqu\u00e9 R., <strong>Dioh E.<\/strong>, <strong>Gu\u00e8ye M.<\/strong>, Diadhiou H.D., Faye M et \u00a0Carre M. <strong>(2016)<\/strong>. <em>Shellfishing and shell midden construction in the Saloum Delta, Senegal<\/em>. <em>Journal of Anthropological Archaeology,<\/em> 41\u00a0: 19\u201332. <a style=\"color: #000000;\" href=\"http:\/\/dx.doi.org\/10.1016\/j.jaa.2015.11.001\">http:\/\/dx.doi.org\/10.1016\/j.jaa.2015.11.001<\/a>.<\/span><\/li><li><span style=\"color: #000000;\">Kenfack D., Tindo M. et <strong>Gu\u00e8ye M.<\/strong> (<strong>2014<\/strong>). <em>Extranuptial nectaries in Carapa (Meliaceae \u2013 Cedreloideae). Adansonia,<\/em> se\u0301r. 3, 36 (2): 335-349. <a style=\"color: #000000;\" href=\"http:\/\/dx.doi.org\/10.5252\/a2014n2a13\">http:\/\/dx.doi.org\/10.5252\/a2014n2a13<\/a>.<\/span><\/li><li><span style=\"color: #000000;\">Niang K., Sagna M. B., Ndiaye O., Thiaw A., Diallo A., Akpo L. E., Saleh M. M., Diome N., Diatta S., Faye M. N., <strong>Gu\u00e8ye M.<\/strong>, Guiss\u00e9 A. et Goffner D. (<strong>2014<\/strong>). <em>Revisiting tree species availability and usage in the Ferlo region of Senegal: a rationale for indigenous tree planting strategies in the context of the great green wall for the Sahara and the Sahel initiative.<\/em> <em>Journal of Experimental Biology and Agricultural Sciences<\/em>, 2 (6) 529-537.<\/span><\/li><li><span style=\"color: #000000;\"><strong>Gu\u00e8ye M.<\/strong>, Ayessou C.N., <strong>Koma S.<\/strong>, <strong>Diop S.<\/strong>, Akpo L.E. et Samb P.I. (<strong>2014<\/strong>). <em>Wild fruits traditionally gathered by the Malinke ethnic group in the edge of Niokolo Koba park (Senegal). American Journal of Plant Sciences (AJPS),<\/em> 5 (9), 1306-1317. <a style=\"color: #000000;\" href=\"http:\/\/dx.doi.org\/10.4236\/ajps.2014.59144\">http:\/\/dx.doi.org\/10.4236\/ajps.2014.59144<\/a><\/span><\/li><li><span style=\"color: #000000;\">Ayessou C.N., Ndiaye C., Ciss\u00e9 M.,<strong> Gu\u00e8ye M. <\/strong>et Sakho (<strong>2014<\/strong>). <em>Nutritional potentiel of Dialium guineense Willd fruit. Journal of Food Composition and Analysis (JFCA) 34<\/em>, 186-191.<\/span><\/li><li><span style=\"color: #000000;\">Diatta C.D., <strong>Gu\u00e8ye M<\/strong>. et Akpo L.E. <strong>(2013)<\/strong>. <em>Les plantes m\u00e9dicinales utilis\u00e9es contre les dermatoses dans la pharmacop\u00e9e Ba\u00efnounk de Djibonker, r\u00e9gion de Ziguinchor (S\u00e9n\u00e9gal)<\/em>. <em>Journal of Applied Biosciences.<\/em> 70\u00a0:5599 -5607<\/span><\/li><li><span style=\"color: #000000;\">Gning O.N., Sarr O., <strong>Gu\u00e8ye M.<\/strong>, Akpo L.E. et Ndiaye P.M. (<strong>2013<\/strong>). <em>Valeur socio-\u00e9conomique de l\u2019arbre en milieu Malink\u00e9 de Khossanto (K\u00e9dougou, S\u00e9n\u00e9gal oriental)<\/em>. <em>Journal of Applied Biosciences. <\/em>70\u00a0: 5617 &#8211; 5631.<\/span><\/li><li><span style=\"color: #000000;\">Sarr O., Diatta S., <strong>Gu\u00e8ye M.<\/strong>, Ndiaye P.M., Guiss\u00e9 A. et Akpo L.E. (<strong>2013<\/strong>). <em>Importance des ligneux fourragers dans un syst\u00e8me agropastoral au S\u00e9n\u00e9gal (Afrique de l\u2019ouest)<\/em>. <em>Revue M\u00e9decine V\u00e9t\u00e9rinaire<\/em> (Revue M\u00e9d. V\u00e9t.), 164, (1), 2-8.<\/span><\/li><li><span style=\"color: #000000;\"><strong>Gu\u00e8ye M.<\/strong>, A. Ciss\u00e9, Diatta C.D., <strong>Diop S.<\/strong> et <strong>Koma S.<\/strong> (<strong>2012<\/strong>). <em>Etude ethnobotanique des plantes utilis\u00e9es contre la constipation chez les Malink\u00e9 de la communaut\u00e9 rurale de Tomboronkoto, K\u00e9dougou (S\u00e9n\u00e9gal). International Journal of Biological and Chemical Sciences, 6 (2), 773-781.<\/em><\/span><\/li><li><span style=\"color: #000000;\">Ould Mohamed Vall A., Ould Ismail Boumediana A., Ould Soule A., <strong>Gu\u00e8ye M.<\/strong> et Labat J.N. (<strong>2011<\/strong>). <em>Contribution \u00e0 l\u2019\u00e9tude de la flore de Mauritanie\u00a0: \u00e9valuation de la biodiversit\u00e9 floristique de l\u2019Assaba (A\u00e7aba)<\/em>. <em>Bulletin de l\u2019Institut Scientifique <\/em>(BIS), Rabat, section Sciences de la Vie, 33 (2), 53-64.<\/span><\/li><li><span style=\"color: #000000;\">Ayessou C.N., Ndiaye C., Ciss\u00e9 M., <strong>Gu\u00e8ye M.<\/strong> et Sakho M. <strong>(2011)<\/strong>. <em>Nutritional contribution of some senegalese forest fruits running across Soudano-Sahelian zone<\/em>. <em>Food and Nutrition Sciences<\/em>, 2 (6), 606-612<\/span><\/li><\/ol><h4 style=\"text-align: center;\"><span style=\"color: #000000;\"><strong><em>Chapitres Dans Livres<\/em><\/strong><\/span><\/h4><ol><li><span style=\"color: #000000;\">Ciss\u00e9 A., Samb T., <strong>Gu\u00e8ye M.<\/strong>, Ndiaye F., <strong>Koma S.<\/strong> et Akpo L.E. (<strong>2019<\/strong>). Ethnobotanique des plantes utilis\u00e9es contre les rhumatismes Chez les Peuls. <em>In<\/em> Bo\u00ebtsch, P. Duboz, A. Guiss\u00e9 &amp; P. Sarr\u00a0: <em>La grande muraille verte<\/em>, Ed. CNRS \u00e9ditions, Paris, 319-328. ISBN: 978-2-271-12578-1, 319-328<\/span><\/li><li><span style=\"color: #000000;\"><strong>Gueye M.<\/strong>, Ba T. et Diop Sall A. (<strong>2018<\/strong>). Biodiversity in Senegal: Terrestrial Ecosystems Flora and Great Fauna. <em>In<\/em> <em>Global Biodiversity <\/em><em>Volume 3 Selected Countries in Africa<\/em> Pullaiah T., AAP (Apple Academic Press): 175 \u2013 212. ISBN (Hardcover) : 13: 978-1-77188-722-9. ISBN (eBook) 13: 978-0-42946-980-0<\/span><\/li><li><span style=\"color: #000000;\"><strong>Gu\u00e8ye M.<\/strong> (<strong>2016<\/strong>). La d\u00e9forestation en milieu Seereer Sine. <em>In<\/em> <em>Voyages en pays Seereer\u00a0: le Sine-Saloum (S\u00e9n\u00e9gal) des patrimoines en partage<\/em>, Eds. Augeron M., Bonnifait F., Faya A. et Ndiaye R., Geste \u00e9ditions, La Cr\u00e8che, France, 48.<\/span><\/li><li><span style=\"color: #000000;\"><strong>Gu\u00e8ye M.<\/strong> (<strong>2016<\/strong>). La Valeur Culturelle de la For\u00eat chez le Seereer Sine. <em>In<\/em> <em>Voyages en pays Seereer\u00a0: le Sine-Saloum (S\u00e9n\u00e9gal) des patrimoines en partage<\/em>, Eds. Augeron M., Bonnifait F., Faya A. et Ndiaye R., Geste \u00e9ditions, La Cr\u00e8che, France, 281-284.<\/span><\/li><li><span style=\"color: #000000;\"><strong>Gu\u00e8ye M.<\/strong> (<strong>2016<\/strong>). Quelques plantes utiles aux Seereer Sine. <em>In<\/em> <em>Voyages en pays Seereer\u00a0: le Sine-Saloum (S\u00e9n\u00e9gal) des patrimoines en partage<\/em>, Eds. Augeron M., Bonnifait F., Faya A. et Ndiaye R., Geste \u00e9ditions, La Cr\u00e8che, France, 285-292.<\/span><\/li><li><span style=\"color: #000000;\"><strong>Gu\u00e8ye M.<\/strong> et Samb P.I. (<strong>2016<\/strong>). Wild edible plant use among the people of Tomboronkoto, K\u00e9dougou region, Senegal. In <em>Wild Harvest: Plant in the hominin and pre-agrarian human worlds<\/em>, Eds. Hardy K and Kubiak-Martens L., Oxbow Books, Oxford &amp; Philadelphia, 341-360.<\/span><\/li><li><span style=\"color: #000000;\">Piqu\u00e9 R., <strong>Gu\u00e8ye M.<\/strong>, Hardy K., Camara A. et Dioh E. (<strong>2016<\/strong>). Not Just Fuel: Food and Technology from Trees and Shrubs in Falia, Saloum Delta (Senegal). <em>In<\/em> <em>The Intangible Elements of Culture in Ethnoarchaeological Researc<\/em>h Eds Biagetti S. and Lugli F., Barcelona (Spain) and Rome (Italy), 217-230. DOI 10.1007\/978-3-319-23153-2_17<\/span><\/li><li><span style=\"color: #000000;\"><strong>Gu\u00e8ye M.<\/strong> (<strong>2013<\/strong>). La dimension socio-symbolique de <em>Balanites aegyptiaca<\/em> (L.) Del. <em>In<\/em> Bo\u00ebtsch G. et Sp\u00e4ni A.\u00a0: <em>La grande muraille verte des arbres contre le d\u00e9sert<\/em>, Eds. Privat, Toulouse, France, 74-78.<\/span><\/li><li><span style=\"color: #000000;\">AyessouC., <strong>Gu\u00e8ye M.<\/strong>, Ciss\u00e9 M., Ndiaye C. et Sakho M. (<strong>2012<\/strong>). Apport nutritionnel de quelques fruits forestiers du S\u00e9n\u00e9gal retrouv\u00e9s en zone soudano-sah\u00e9lienne. In G. Bo\u00ebtsch, A. Guerci, L. Gueye et A. Guiss\u00e9\u00a0: <em>Les plantes du Sahel<\/em>, Ed. CNRS, Paris, 109-119.<\/span><\/li><li><span style=\"color: #000000;\">Ciss\u00e9 A., <strong>Gu\u00e8ye M<\/strong>., <strong>Koma S.<\/strong> et Akpo L.E. (<strong>2012<\/strong>). La commercialisation des plantes utilis\u00e9es contre les affections dermatologiques dans les march\u00e9s de Dakar et de sa\u00a0 <em>In<\/em> G. Bo\u00ebtsch, A. Guerci, L. Gueye &amp; A. Guiss\u00e9\u00a0: <em>Les plantes du Sahel<\/em>, Ed. CNRS, Paris, 323-333.<\/span><\/li><\/ol><h4 style=\"text-align: center;\"><span style=\"color: #000000;\"><em>Autres revues (vulgarisation)<\/em><\/span><\/h4><ol><li><span style=\"color: #000000;\"><strong>Gu\u00e8ye M.<\/strong> (<strong>2016<\/strong>). La valeur socioculturelle de la for\u00eat en pays Seereer du Sine. 12p.<\/span><\/li><li><span style=\"color: #000000;\"><strong>Gu\u00e8ye M.<\/strong> (<strong>2016<\/strong>). Des plantes phares en pays Seereer du Sine. 15 pp.<\/span><\/li><li><span style=\"color: #000000;\"><strong>Gu\u00e8ye M.<\/strong> et <strong>Diop D.<\/strong> (2016). Pour une meilleure connaissance de la flore locale\u00a0: le sentier botanique de l\u2019IFAN Ch. A. Diop. 33pp.<\/span><\/li><li><span style=\"color: #000000;\"><strong>Gu\u00e8ye M. <\/strong>et Mathieu (<strong>2016<\/strong>). La botanique au S\u00e9n\u00e9gal: les esp\u00e8ces de la grande muraille verte. 5 p.<\/span><\/li><li><span style=\"color: #000000;\"><strong>Gu\u00e8ye M.<\/strong>, Ayessou C.N. et Ciss\u00e9 M. (<strong>2016<\/strong>). <em>Cordyla pinnata<\/em> (Lepr. ex A. Rich.) Milne-Redh ou <strong>\u00ab\u00a0<em>Yapu Saloum\u00a0<\/em>\u00bb\u00a0:<\/strong> un fruitier sauvage \u00e0 valoriser, une esp\u00e8ce \u00e0 pr\u00e9server. 6pp<\/span><\/li><li><span style=\"color: #000000;\">Ayessou C.N., <strong>Gu\u00e8ye M.<\/strong>, et Ciss\u00e9 M. (<strong>2016<\/strong>). <em>Sarcocephalus latifolius <\/em>(Smith) Bruce un fruitier alimentaire n\u00e9glig\u00e9. 5pp<\/span><\/li><li><span style=\"color: #000000;\">Mouquet-Rivier C. et Gu\u00e8ye M. (<strong>2016<\/strong>). Inestimables l\u00e9gumineuses\u00a0: de la malnutrition \u00e0 la s\u00e9curit\u00e9 alimentaire. <em>Sciences au Sud<\/em> N\u00b082 f\u00e9vrier \u00e0 mai 2016, 10.<\/span><\/li><li><span style=\"color: #000000;\">Prin Y. et Gu\u00e8ye M. (<strong>2016<\/strong>). Inestimables l\u00e9gumineuses\u00a0: partenaires de l\u2019homme et de la nature. <em>Sciences au Sud<\/em> (le journal de l\u2019IRD) N\u00b082 (f\u00e9vrier \u00e0 mai 2016), 10.<\/span><\/li><li><span style=\"color: #000000;\">Kenfack D., <strong>Gu\u00e8ye <\/strong> et Zapfack L. (<strong>2014<\/strong>). <em>Carapa procera\u00a0<\/em>: Propri\u00e9t\u00e9s m\u00e9dicinales et usages. <a style=\"color: #000000;\" href=\"http:\/\/www.carapaprocera.com\/proprietes-medicinales-et-usages\/\">http:\/\/www.carapaprocera.com\/proprietes-medicinales-et-usages\/<\/a><\/span><\/li><li><span style=\"color: #000000;\"><strong>Gu\u00e8ye<\/strong> et Duponnois R. (<strong>2010<\/strong>).<em> La Mangrove<\/em><\/span><\/li><li><span style=\"color: #000000;\"><strong>Gu\u00e8ye<\/strong> et Duponnois R. (<strong>2010<\/strong>).<em> Plantes m\u00e9dicinales du littoral au S\u00e9n\u00e9gal<\/em><\/span><\/li><li><span style=\"color: #000000;\"><strong>Gu\u00e8ye<\/strong>et Duponnois R. (<strong>2010<\/strong>).<em> Plantes alimentaires du littoral au S\u00e9n\u00e9gal<\/em><\/span><\/li><\/ol><\/div>\n\t\t\t\t<\/div>\n\t\t\t\t\t\t\t<div class=\"elementor-accordion-item\">\n\t\t\t\t\t<div id=\"elementor-tab-title-2166\" class=\"elementor-tab-title\" data-tab=\"6\" role=\"button\" aria-controls=\"elementor-tab-content-2166\" aria-expanded=\"false\">\n\t\t\t\t\t\t\t\t\t\t\t\t\t<span class=\"elementor-accordion-icon elementor-accordion-icon-left\" aria-hidden=\"true\">\n\t\t\t\t\t\t\t\t\t\t\t\t\t\t\t<span class=\"elementor-accordion-icon-closed\"><i class=\"fas fa-plus\"><\/i><\/span>\n\t\t\t\t\t\t\t\t<span class=\"elementor-accordion-icon-opened\"><i class=\"fas fa-minus\"><\/i><\/span>\n\t\t\t\t\t\t\t\t\t\t\t\t\t\t<\/span>\n\t\t\t\t\t\t\t\t\t\t\t\t<a class=\"elementor-accordion-title\" tabindex=\"0\">Exp\u00e9riences professionnelles<\/a>\n\t\t\t\t\t<\/div>\n\t\t\t\t\t<div id=\"elementor-tab-content-2166\" class=\"elementor-tab-content elementor-clearfix\" data-tab=\"6\" role=\"region\" aria-labelledby=\"elementor-tab-title-2166\"><h4 style=\"text-align: center;\"><em><span style=\"color: #000000;\">INTERNATIONAL <\/span><\/em><\/h4><ul><li><span style=\"color: #000000;\"><strong><em>Coordonnateur national du projet r\u00e9gional BID<\/em><\/strong> (Biodiversity Information of Developpement) du GBIF (Global Biodiversity Information Facility) consortium r\u00e9gional (BID-AF2015-0066-REG) regroupant huit pays d\u2019Afrique (B\u00e9nin, C\u00f4te d\u2019ivoire, Guin\u00e9e, Mali, Madagascar, Niger, RDC et S\u00e9n\u00e9gal) sur le \u00ab Renforcement de capacit\u00e9s et mobilisation des donn\u00e9es sur la biodiversit\u00e9 pour la conservation, la prise de d\u00e9cision et leur utilisation durable en Afrique et \u00e0 Madagascar : plantes menac\u00e9es et plantes envahissantes\u00a0<\/span><\/li><li><span style=\"color: #000000;\"><em><strong> Coordonnateur du projet sous r\u00e9gional (Laboratoire d\u2019\u00c9cologie Appliqu\u00e9e, Universit\u00e9 d\u2019Abomey-Calavi, B\u00e9nin; I.E.R., Sikasso, Mali; Direction du Centre National de Gestion des Aires Prot\u00e9g\u00e9es, Minist\u00e8re de l\u2019environnement, Guin\u00e9e et Laboratoire de Botanique de l\u2019IFAN Ch. A. Diop, UCAD, S\u00e9n\u00e9gal) sur les v\u00e9g\u00e9taux utiles aux ruraux en Afrique de l\u2019Ouest<\/strong><\/em> <\/span><\/li><li><span style=\"color: #000000;\"><em><strong>Membre fondateur du R\u00e9seau informatique des Herbiers Africains<\/strong> <\/em>(RIHA)<\/span><\/li><\/ul><\/div>\n\t\t\t\t<\/div>\n\t\t\t\t\t\t\t\t<\/div>\n\t\t\t\t<\/div>\n\t\t\t\t<\/div>\n\t\t\t\t\t<\/div>\n\t\t<\/div>\n\t\t\t\t\t\t\t<\/div>\n\t\t<\/section>\n\t\t\t\t\t\t\t<\/div>\n\t\t","protected":false},"excerpt":{"rendered":"<p>Professeur Mathieu GUEYE DIRECTEUR DE RECHERCHE TITULAIRE DE CLASSE EXCEPTIONNELLE Doctorat d\u2019Etat \u00e8s Sciences Activit\u00e9s de recherche Botanique et Ethnobotanique (Flore et v\u00e9g\u00e9tation, Plantes m\u00e9dicinales, cosm\u00e9tiques et Aliments forestiers) Services \u00e9cosyst\u00e9miques et pollution Informatisation des Herbiers et valorisation des collections historiques dans le cadre du R\u00e9seau Informatique des Herbiers Africains (RIHA). Syst\u00e9matique et taxonomie botanique [&hellip;]<\/p>\n","protected":false},"author":1,"featured_media":0,"parent":0,"menu_order":0,"comment_status":"closed","ping_status":"closed","template":"elementor_header_footer","meta":{"_monsterinsights_skip_tracking":false,"_monsterinsights_sitenote_active":false,"_monsterinsights_sitenote_note":"","_monsterinsights_sitenote_category":0,"footnotes":""},"class_list":["post-1134","page","type-page","status-publish","hentry"],"_links":{"self":[{"href":"https:\/\/ifan.ucad.sn\/en\/wp-json\/wp\/v2\/pages\/1134","targetHints":{"allow":["GET"]}}],"collection":[{"href":"https:\/\/ifan.ucad.sn\/en\/wp-json\/wp\/v2\/pages"}],"about":[{"href":"https:\/\/ifan.ucad.sn\/en\/wp-json\/wp\/v2\/types\/page"}],"author":[{"embeddable":true,"href":"https:\/\/ifan.ucad.sn\/en\/wp-json\/wp\/v2\/users\/1"}],"replies":[{"embeddable":true,"href":"https:\/\/ifan.ucad.sn\/en\/wp-json\/wp\/v2\/comments?post=1134"}],"version-history":[{"count":49,"href":"https:\/\/ifan.ucad.sn\/en\/wp-json\/wp\/v2\/pages\/1134\/revisions"}],"predecessor-version":[{"id":8951,"href":"https:\/\/ifan.ucad.sn\/en\/wp-json\/wp\/v2\/pages\/1134\/revisions\/8951"}],"wp:attachment":[{"href":"https:\/\/ifan.ucad.sn\/en\/wp-json\/wp\/v2\/media?parent=1134"}],"curies":[{"name":"wp","href":"https:\/\/api.w.org\/{rel}","templated":true}]}}